{"id":3334,"date":"2018-01-23T23:13:28","date_gmt":"2018-01-23T22:13:28","guid":{"rendered":"http:\/\/www.textile-forum-blog.org\/?page_id=3334"},"modified":"2018-01-23T23:15:29","modified_gmt":"2018-01-23T22:15:29","slug":"archive","status":"publish","type":"page","link":"https:\/\/www.textile-forum-blog.org\/de\/archive\/","title":{"rendered":"Archiv"},"content":{"rendered":"<div class=\"sya_container\" id=\"sya_container\"><a id=\"year2026\"><\/a>2026<ul><li class=\"\"><div class=\"sya_postcontent\"><span class=\"sya_date\"> <span class=\"sya_sep\"> <\/span><\/span><a href=\"https:\/\/www.textile-forum-blog.org\/de\/2026\/04\/textilfest-exhibition-transformation\/\" class=\"sya_postlink post-7607\" rel=\"bookmark\">Textilfest:Ausstellung&#8221;Transformations&#8221;<\/a><\/div><\/li><li class=\"\"><div class=\"sya_postcontent\"><span class=\"sya_date\"> <span class=\"sya_sep\"> <\/span><\/span><a href=\"https:\/\/www.textile-forum-blog.org\/de\/2026\/03\/soft-power-the-warsaw-roots-of-the-polish-school-of-textile-art\/\" class=\"sya_postlink post-7559\" rel=\"bookmark\">Soft Power &#8211; Die Warschauer Wurzeln der Polnischen Textilkunstschule<\/a><\/div><\/li><li class=\"\"><div class=\"sya_postcontent\"><span class=\"sya_date\"> <span class=\"sya_sep\"> <\/span><\/span><a href=\"https:\/\/www.textile-forum-blog.org\/de\/2026\/03\/workshop-and-exhibition-by-jonatan-e-jurkowski\/\" class=\"sya_postlink post-7496\" rel=\"bookmark\">Workshop und Ausstellung mit Jonatan E. Jurkowski<\/a><\/div><\/li><li class=\"\"><div class=\"sya_postcontent\"><span class=\"sya_date\"> <span class=\"sya_sep\"> <\/span><\/span><a href=\"https:\/\/www.textile-forum-blog.org\/de\/2026\/02\/krystyna-wojtyna-drouet-i-do-not-exist-for-myself\/\" class=\"sya_postlink post-7489\" rel=\"bookmark\">Krystyna Wojtyna-Drouet \u2013 Ich existiere nicht f\u00fcr mich selbst<\/a><\/div><\/li><li class=\"\"><div class=\"sya_postcontent\"><span class=\"sya_date\"> <span class=\"sya_sep\"> <\/span><\/span><a href=\"https:\/\/www.textile-forum-blog.org\/de\/2026\/01\/woven-histories-textiles-and-modern-abstraction\/\" class=\"sya_postlink post-7436\" rel=\"bookmark\">Woven Histories \u2013 Textiles and Modern Abstraction<\/a><\/div><\/li><\/ul><a id=\"year2025\"><\/a>2025<ul><li class=\"\"><div class=\"sya_postcontent\"><span class=\"sya_date\"> <span class=\"sya_sep\"> <\/span><\/span><a href=\"https:\/\/www.textile-forum-blog.org\/de\/2025\/11\/le-radici-sono-importanti-roots-are-important\/\" class=\"sya_postlink post-7386\" rel=\"bookmark\">Le Radici sono Importanti \u2013 Roots are Important<\/a><\/div><\/li><li class=\"\"><div class=\"sya_postcontent\"><span class=\"sya_date\"> <span class=\"sya_sep\"> <\/span><\/span><a href=\"https:\/\/www.textile-forum-blog.org\/de\/2025\/11\/lodz-textile-events-part-2\/\" class=\"sya_postlink post-7345\" rel=\"bookmark\">Lodz \u2013 Textile Ereignisse Teil 2<\/a><\/div><\/li><li class=\"\"><div class=\"sya_postcontent\"><span class=\"sya_date\"> <span class=\"sya_sep\"> <\/span><\/span><a href=\"https:\/\/www.textile-forum-blog.org\/de\/2025\/10\/the-end-of-the-international-triennale-of-tapestry-lodz\/\" class=\"sya_postlink post-7334\" rel=\"bookmark\">Das Ende der Internationalen Triennale der Tapisserie in \u0141\u00f3d\u017a?<\/a><\/div><\/li><li class=\"\"><div class=\"sya_postcontent\"><span class=\"sya_date\"> <span class=\"sya_sep\"> <\/span><\/span><a href=\"https:\/\/www.textile-forum-blog.org\/de\/2025\/09\/magdalena-abakanowicz-triptych-great-greater-greatest\/\" class=\"sya_postlink post-7273\" rel=\"bookmark\">Magdalena Abakanowicz &#8211; Triptych \u2013 Great, Greater, Greatest<\/a><\/div><\/li><li class=\"\"><div class=\"sya_postcontent\"><span class=\"sya_date\"> <span class=\"sya_sep\"> <\/span><\/span><a href=\"https:\/\/www.textile-forum-blog.org\/de\/2025\/08\/innovation-through-pixels-conference-2025\/\" class=\"sya_postlink post-7227\" rel=\"bookmark\">Innovation durch Pixel \u2013 Konferenz 2025<\/a><\/div><\/li><li class=\"\"><div class=\"sya_postcontent\"><span class=\"sya_date\"> <span class=\"sya_sep\"> <\/span><\/span><a href=\"https:\/\/www.textile-forum-blog.org\/de\/2025\/08\/etn-summer-jumble\/\" class=\"sya_postlink post-7142\" rel=\"bookmark\">ETN Summer Jumble<\/a><\/div><\/li><li class=\"\"><div class=\"sya_postcontent\"><span class=\"sya_date\"> <span class=\"sya_sep\"> <\/span><\/span><a href=\"https:\/\/www.textile-forum-blog.org\/de\/2025\/07\/elsa-montell-saanio-weaver-from-lapland\/\" class=\"sya_postlink post-7132\" rel=\"bookmark\">Elsa Montell Saanio &#8211; Weberin aus Lappland<\/a><\/div><\/li><li class=\"\"><div class=\"sya_postcontent\"><span class=\"sya_date\"> <span class=\"sya_sep\"> <\/span><\/span><a href=\"https:\/\/www.textile-forum-blog.org\/de\/2025\/06\/louvre-couture-art-and-fashion-statement-pieces\/\" class=\"sya_postlink post-7112\" rel=\"bookmark\">Louvre Couture- Art and Fashion, Statement Pieces<\/a><\/div><\/li><li class=\"\"><div class=\"sya_postcontent\"><span class=\"sya_date\"> <span class=\"sya_sep\"> <\/span><\/span><a href=\"https:\/\/www.textile-forum-blog.org\/de\/2025\/05\/chiharu-shiota-the-soul-trembles\/\" class=\"sya_postlink post-7075\" rel=\"bookmark\">Chiharu Shiota: Die Seele zittert<\/a><\/div><\/li><li class=\"\"><div class=\"sya_postcontent\"><span class=\"sya_date\"> <span class=\"sya_sep\"> <\/span><\/span><a href=\"https:\/\/www.textile-forum-blog.org\/de\/2025\/04\/golden-thread-the-art-of-dressing-from-north-africa-to-the-far-east\/\" class=\"sya_postlink post-7048\" rel=\"bookmark\">Goldener Faden: Die Kunst des Kleidermachens von Nordafrika bis Fernos<\/a><\/div><\/li><li class=\"\"><div class=\"sya_postcontent\"><span class=\"sya_date\"> <span class=\"sya_sep\"> <\/span><\/span><a href=\"https:\/\/www.textile-forum-blog.org\/de\/2025\/03\/olga-de-amaral\/\" class=\"sya_postlink post-6923\" rel=\"bookmark\">(English) Olga de Amaral<\/a><\/div><\/li><li class=\"\"><div class=\"sya_postcontent\"><span class=\"sya_date\"> <span class=\"sya_sep\"> <\/span><\/span><a href=\"https:\/\/www.textile-forum-blog.org\/de\/2025\/03\/textilfest-2025-association-for-textile-creation\/\" class=\"sya_postlink post-6853\" rel=\"bookmark\">TextilFest 2025 &#8211; Association for Textile Creation<\/a><\/div><\/li><li class=\"\"><div class=\"sya_postcontent\"><span class=\"sya_date\"> <span class=\"sya_sep\"> <\/span><\/span><a href=\"https:\/\/www.textile-forum-blog.org\/de\/2025\/02\/workshop-indigo-discharge-by-elin-noble-dyer-and-textile-artist\/\" class=\"sya_postlink post-6843\" rel=\"bookmark\">Workshop Indigo-Entf\u00e4rbung von Elin Noble, F\u00e4rberin und Texilk\u00fcnstlerin<\/a><\/div><\/li><li class=\"\"><div class=\"sya_postcontent\"><span class=\"sya_date\"> <span class=\"sya_sep\"> <\/span><\/span><a href=\"https:\/\/www.textile-forum-blog.org\/de\/2025\/02\/the-apple-tree-on-the-abandoned-railroad-line\/\" class=\"sya_postlink post-6837\" rel=\"bookmark\">Der Apfelbaum an der stillgelegte Bahnstrecke<\/a><\/div><\/li><li class=\"\"><div class=\"sya_postcontent\"><span class=\"sya_date\"> <span class=\"sya_sep\"> <\/span><\/span><a href=\"https:\/\/www.textile-forum-blog.org\/de\/2025\/01\/unravel-the-power-and-politics-of-textiles-in-art\/\" class=\"sya_postlink post-6800\" rel=\"bookmark\">Unravel: Macht und Politik in der Textilkunst<\/a><\/div><\/li><\/ul><a id=\"year2024\"><\/a>2024<ul><li class=\"\"><div class=\"sya_postcontent\"><span class=\"sya_date\"> <span class=\"sya_sep\"> <\/span><\/span><a href=\"https:\/\/www.textile-forum-blog.org\/de\/2024\/12\/sheila-hicks-2\/\" class=\"sya_postlink post-6705\" rel=\"bookmark\">Sheila Hicks 2<\/a><\/div><\/li><li class=\"\"><div class=\"sya_postcontent\"><span class=\"sya_date\"> <span class=\"sya_sep\"> <\/span><\/span><a href=\"https:\/\/www.textile-forum-blog.org\/de\/2024\/12\/sheila-hicks-1\/\" class=\"sya_postlink post-6637\" rel=\"bookmark\">Sheila Hicks 1<\/a><\/div><\/li><li class=\"\"><div class=\"sya_postcontent\"><span class=\"sya_date\"> <span class=\"sya_sep\"> <\/span><\/span><a href=\"https:\/\/www.textile-forum-blog.org\/de\/2024\/10\/contextile-part-2\/\" class=\"sya_postlink post-6524\" rel=\"bookmark\">Contextile Teil 2<\/a><\/div><\/li><li class=\"\"><div class=\"sya_postcontent\"><span class=\"sya_date\"> <span class=\"sya_sep\"> <\/span><\/span><a href=\"https:\/\/www.textile-forum-blog.org\/de\/2024\/09\/contextile-7\/\" class=\"sya_postlink post-6479\" rel=\"bookmark\">Contextile 7<\/a><\/div><\/li><li class=\"\"><div class=\"sya_postcontent\"><span class=\"sya_date\"> <span class=\"sya_sep\"> <\/span><\/span><a href=\"https:\/\/www.textile-forum-blog.org\/de\/2024\/08\/soft-power\/\" class=\"sya_postlink post-6437\" rel=\"bookmark\">Soft Power<\/a><\/div><\/li><li class=\"\"><div class=\"sya_postcontent\"><span class=\"sya_date\"> <span class=\"sya_sep\"> <\/span><\/span><a href=\"https:\/\/www.textile-forum-blog.org\/de\/2024\/08\/rediscovered-weavers-else-mogelin-and-johanna-schutz-wolff\/\" class=\"sya_postlink post-6340\" rel=\"bookmark\">Wiederentdeckte Weberinnen Else M\u00f6gelin und Johanna Sch\u00fctz-Wolff<\/a><\/div><\/li><li class=\"\"><div class=\"sya_postcontent\"><span class=\"sya_date\"> <span class=\"sya_sep\"> <\/span><\/span><a href=\"https:\/\/www.textile-forum-blog.org\/de\/2024\/07\/artapestry\/\" class=\"sya_postlink post-6346\" rel=\"bookmark\">Artapestry 7<\/a><\/div><\/li><li class=\"\"><div class=\"sya_postcontent\"><span class=\"sya_date\"> <span class=\"sya_sep\"> <\/span><\/span><a href=\"https:\/\/www.textile-forum-blog.org\/de\/2024\/07\/13-baltic-mini-textile-gdynia-2025\/\" class=\"sya_postlink post-6319\" rel=\"bookmark\">(English) 13 Baltic Mini Textile Gdynia 2025<\/a><\/div><\/li><li class=\"\"><div class=\"sya_postcontent\"><span class=\"sya_date\"> <span class=\"sya_sep\"> <\/span><\/span><a href=\"https:\/\/www.textile-forum-blog.org\/de\/2024\/06\/etn-field-trip-flax-in-belgium-and-northern-france\/\" class=\"sya_postlink post-6279\" rel=\"bookmark\">ETN-Exkursion \u2013 Flachs in Belgien und Nordfrankreich<\/a><\/div><\/li><li class=\"\"><div class=\"sya_postcontent\"><span class=\"sya_date\"> <span class=\"sya_sep\"> <\/span><\/span><a href=\"https:\/\/www.textile-forum-blog.org\/de\/2024\/05\/else-mogelin-bauhaus-and-spirituality-in-pomerania\/\" class=\"sya_postlink post-6248\" rel=\"bookmark\">Else M\u00f6gelin \u2013 Bauhaus und Spiritualit\u00e4t in Pommern<\/a><\/div><\/li><li class=\"\"><div class=\"sya_postcontent\"><span class=\"sya_date\"> <span class=\"sya_sep\"> <\/span><\/span><a href=\"https:\/\/www.textile-forum-blog.org\/de\/2024\/04\/kimsooja-thread-roots\/\" class=\"sya_postlink post-6193\" rel=\"bookmark\">Kimsooja: Thread Roots<\/a><\/div><\/li><li class=\"\"><div class=\"sya_postcontent\"><span class=\"sya_date\"> <span class=\"sya_sep\"> <\/span><\/span><a href=\"https:\/\/www.textile-forum-blog.org\/de\/2024\/03\/in-search-of-wild-silk-exploring-a-silk-industry-in-the-jungles-of-india-karen-selk\/\" class=\"sya_postlink post-6157\" rel=\"bookmark\">Auf der Suche nach wilder Seide \u2013 Erkundung einer Seidenindustrie im Dschungel Indiens, Karen Selk,<\/a><\/div><\/li><li class=\"\"><div class=\"sya_postcontent\"><span class=\"sya_date\"> <span class=\"sya_sep\"> <\/span><\/span><a href=\"https:\/\/www.textile-forum-blog.org\/de\/2024\/02\/stitch-your-brain\/\" class=\"sya_postlink post-6141\" rel=\"bookmark\">Stitch Your Brain<\/a><\/div><\/li><li class=\"\"><div class=\"sya_postcontent\"><span class=\"sya_date\"> <span class=\"sya_sep\"> <\/span><\/span><a href=\"https:\/\/www.textile-forum-blog.org\/de\/2024\/01\/diana-scherer-farming-textiles\/\" class=\"sya_postlink post-6123\" rel=\"bookmark\">Diana Scherer: Farming Textilien<\/a><\/div><\/li><li class=\"\"><div class=\"sya_postcontent\"><span class=\"sya_date\"> <span class=\"sya_sep\"> <\/span><\/span><a href=\"https:\/\/www.textile-forum-blog.org\/de\/2024\/01\/anselm-kiefer-bilderstreit\/\" class=\"sya_postlink post-6096\" rel=\"bookmark\">(English) Anselm Kiefer: Bilderstreit<\/a><\/div><\/li><\/ul><a id=\"year2023\"><\/a>2023<ul><li class=\"\"><div class=\"sya_postcontent\"><span class=\"sya_date\"> <span class=\"sya_sep\"> <\/span><\/span><a href=\"https:\/\/www.textile-forum-blog.org\/de\/2023\/12\/jinju-silk-residency\/\" class=\"sya_postlink post-6042\" rel=\"bookmark\">Jinju Silk Residency<\/a><\/div><\/li><li class=\"\"><div class=\"sya_postcontent\"><span class=\"sya_date\"> <span class=\"sya_sep\"> <\/span><\/span><a href=\"https:\/\/www.textile-forum-blog.org\/de\/2023\/11\/deutsch-9-europaische-quilt-triennale\/\" class=\"sya_postlink post-6005\" rel=\"bookmark\">9. Europ\u00e4ische Quilt Triennale<\/a><\/div><\/li><li class=\"\"><div class=\"sya_postcontent\"><span class=\"sya_date\"> <span class=\"sya_sep\"> <\/span><\/span><a href=\"https:\/\/www.textile-forum-blog.org\/de\/2023\/11\/kunst-stoff-art-fabric-textile-as-material-for-art\/\" class=\"sya_postlink post-5993\" rel=\"bookmark\">Kunst Stoff \u2013 Textil als Material f\u00fcr Kunst<\/a><\/div><\/li><li class=\"\"><div class=\"sya_postcontent\"><span class=\"sya_date\"> <span class=\"sya_sep\"> <\/span><\/span><a href=\"https:\/\/www.textile-forum-blog.org\/de\/2023\/10\/hilma-af-klint-and-piet-mondrian-forms-of-life\/\" class=\"sya_postlink post-5959\" rel=\"bookmark\">Hilma af Klint und Piet Mondrian \u2013 Lebensformen<\/a><\/div><\/li><li class=\"\"><div class=\"sya_postcontent\"><span class=\"sya_date\"> <span class=\"sya_sep\"> <\/span><\/span><a href=\"https:\/\/www.textile-forum-blog.org\/de\/2023\/09\/the-7th-riga-international-textile-and-fibre-art-triennial-part-2\/\" class=\"sya_postlink post-5906\" rel=\"bookmark\">die 7.Internationale Textilkunst Trienniale in Riga , part 2<\/a><\/div><\/li><li class=\"\"><div class=\"sya_postcontent\"><span class=\"sya_date\"> <span class=\"sya_sep\"> <\/span><\/span><a href=\"https:\/\/www.textile-forum-blog.org\/de\/2023\/08\/bulgarian-triennial-of-mini-textile-sofia-2023\/\" class=\"sya_postlink post-5881\" rel=\"bookmark\">(English) Bulgarian Triennial of Mini Textile, Sofia 2023<\/a><\/div><\/li><li class=\"\"><div class=\"sya_postcontent\"><span class=\"sya_date\"> <span class=\"sya_sep\"> <\/span><\/span><a href=\"https:\/\/www.textile-forum-blog.org\/de\/2023\/07\/nino-kipshizes-textile-applique\/\" class=\"sya_postlink post-5874\" rel=\"bookmark\">Nino Kipshidze&#8217;s Apliqu\u00e9 Arbeiten<\/a><\/div><\/li><li class=\"\"><div class=\"sya_postcontent\"><span class=\"sya_date\"> <span class=\"sya_sep\"> <\/span><\/span><a href=\"https:\/\/www.textile-forum-blog.org\/de\/2023\/06\/the-7th-riga-international-textile-and-fibre-art-triennial\/\" class=\"sya_postlink post-5795\" rel=\"bookmark\">Die 7. Internationale Triennale f\u00fcr Textil- und Faserkunst in Riga, Teil 1<\/a><\/div><\/li><li class=\"\"><div class=\"sya_postcontent\"><span class=\"sya_date\"> <span class=\"sya_sep\"> <\/span><\/span><a href=\"https:\/\/www.textile-forum-blog.org\/de\/2023\/04\/diedrick-brackens-everything-i-have-ever-touched\/\" class=\"sya_postlink post-5785\" rel=\"bookmark\">Diedrick Brackens \u201eEverything I have ever touched\u201d<\/a><\/div><\/li><li class=\"\"><div class=\"sya_postcontent\"><span class=\"sya_date\"> <span class=\"sya_sep\"> <\/span><\/span><a href=\"https:\/\/www.textile-forum-blog.org\/de\/2023\/03\/phillida-barlowuk-breach-installation\/\" class=\"sya_postlink post-5745\" rel=\"bookmark\">Phyllida Barlow\/UK: Installation &#8220;Breach&#8221;<\/a><\/div><\/li><li class=\"\"><div class=\"sya_postcontent\"><span class=\"sya_date\"> <span class=\"sya_sep\"> <\/span><\/span><a href=\"https:\/\/www.textile-forum-blog.org\/de\/2023\/02\/12th-baltic-mini-textile-gdynia\/\" class=\"sya_postlink post-5713\" rel=\"bookmark\">12. Baltische Mini Textil, Gdynia<\/a><\/div><\/li><li class=\"\"><div class=\"sya_postcontent\"><span class=\"sya_date\"> <span class=\"sya_sep\"> <\/span><\/span><a href=\"https:\/\/www.textile-forum-blog.org\/de\/2023\/01\/on-the-roads-of-samarkand-wonders-of-silk-and-gold\/\" class=\"sya_postlink post-5642\" rel=\"bookmark\">Auf den Stra\u00dfen von Samarkand \u2013 Wunder aus Seide und Gold<\/a><\/div><\/li><\/ul><a id=\"year2022\"><\/a>2022<ul><li class=\"\"><div class=\"sya_postcontent\"><span class=\"sya_date\"> <span class=\"sya_sep\"> <\/span><\/span><a href=\"https:\/\/www.textile-forum-blog.org\/de\/2022\/12\/jimmy-nelson-between-the-sea-the-sky\/\" class=\"sya_postlink post-5624\" rel=\"bookmark\">(English) Jimmy Nelson Between The Sea &#038; The Sky<\/a><\/div><\/li><li class=\"\"><div class=\"sya_postcontent\"><span class=\"sya_date\"> <span class=\"sya_sep\"> <\/span><\/span><a href=\"https:\/\/www.textile-forum-blog.org\/de\/2022\/11\/the-17th-international-triennale-of-tapestry-lodz-2022-part-2\/\" class=\"sya_postlink post-5575\" rel=\"bookmark\">die 17. internationale Tapisserie Triennale von Lodz 2022, Teil 2<\/a><\/div><\/li><li class=\"\"><div class=\"sya_postcontent\"><span class=\"sya_date\"> <span class=\"sya_sep\"> <\/span><\/span><a href=\"https:\/\/www.textile-forum-blog.org\/de\/2022\/10\/the-17th-international-triennale-of-tapestry-lodz-2022\/\" class=\"sya_postlink post-5510\" rel=\"bookmark\">Die 17. Internationale Tapisserie Triennale von Lodz, 2022<\/a><\/div><\/li><li class=\"\"><div class=\"sya_postcontent\"><span class=\"sya_date\"> <span class=\"sya_sep\"> <\/span><\/span><a href=\"https:\/\/www.textile-forum-blog.org\/de\/2022\/09\/louise-bourgeois-the-woven-child\/\" class=\"sya_postlink post-5432\" rel=\"bookmark\">Louise Bourgeois: The Woven Child<\/a><\/div><\/li><li class=\"\"><div class=\"sya_postcontent\"><span class=\"sya_date\"> <span class=\"sya_sep\"> <\/span><\/span><a href=\"https:\/\/www.textile-forum-blog.org\/de\/2022\/08\/continuum-woven-miniatures-solveig-aalberg\/\" class=\"sya_postlink post-5411\" rel=\"bookmark\">Kontinuum &#8211; Gewebte Miniaturen, Solveig Aalberg<\/a><\/div><\/li><li class=\"\"><div class=\"sya_postcontent\"><span class=\"sya_date\"> <span class=\"sya_sep\"> <\/span><\/span><a href=\"https:\/\/www.textile-forum-blog.org\/de\/2022\/07\/the-patterned-mind-creative-methods-in-surface-design\/\" class=\"sya_postlink post-5400\" rel=\"bookmark\">The Patterned Mind &#8211; Creative Methods in Surface Design<\/a><\/div><\/li><li class=\"\"><div class=\"sya_postcontent\"><span class=\"sya_date\"> <span class=\"sya_sep\"> <\/span><\/span><a href=\"https:\/\/www.textile-forum-blog.org\/de\/2022\/06\/the-59th-venice-biennale-2nd-part\/\" class=\"sya_postlink post-5359\" rel=\"bookmark\">59. Biennale von Venedig, Teil 2<\/a><\/div><\/li><li class=\"\"><div class=\"sya_postcontent\"><span class=\"sya_date\"> <span class=\"sya_sep\"> <\/span><\/span><a href=\"https:\/\/www.textile-forum-blog.org\/de\/2022\/05\/59th-venice-biennale-the-milk-of-dreams\/\" class=\"sya_postlink post-5341\" rel=\"bookmark\">Biennale von Venedig &#8220;The Milk of Dreams&#8221;<\/a><\/div><\/li><li class=\"\"><div class=\"sya_postcontent\"><span class=\"sya_date\"> <span class=\"sya_sep\"> <\/span><\/span><a href=\"https:\/\/www.textile-forum-blog.org\/de\/2022\/04\/deutsch-8-europaische-quilt-triennale-2021\/\" class=\"sya_postlink post-5291\" rel=\"bookmark\">8. Europ\u00e4ische Quilt-Triennale 2021<\/a><\/div><\/li><li class=\"\"><div class=\"sya_postcontent\"><span class=\"sya_date\"> <span class=\"sya_sep\"> <\/span><\/span><a href=\"https:\/\/www.textile-forum-blog.org\/de\/2022\/03\/world-wide-weaving\/\" class=\"sya_postlink post-5228\" rel=\"bookmark\">World Wide Weaving<\/a><\/div><\/li><li class=\"\"><div class=\"sya_postcontent\"><span class=\"sya_date\"> <span class=\"sya_sep\"> <\/span><\/span><a href=\"https:\/\/www.textile-forum-blog.org\/de\/2022\/03\/the-7th-riga-international-triennial-of-textile-and-fiber-art\/\" class=\"sya_postlink post-5211\" rel=\"bookmark\">The 7th Riga International Triennial of Textile and Fiber Art<\/a><\/div><\/li><li class=\"\"><div class=\"sya_postcontent\"><span class=\"sya_date\"> <span class=\"sya_sep\"> <\/span><\/span><a href=\"https:\/\/www.textile-forum-blog.org\/de\/2022\/02\/chihara-shiota-internal-line\/\" class=\"sya_postlink post-5195\" rel=\"bookmark\">Chiharu Shiota &#8211; Internal Line<\/a><\/div><\/li><li class=\"\"><div class=\"sya_postcontent\"><span class=\"sya_date\"> <span class=\"sya_sep\"> <\/span><\/span><a href=\"https:\/\/www.textile-forum-blog.org\/de\/2022\/01\/josef-and-anni-albers-art-and-life\/\" class=\"sya_postlink post-5140\" rel=\"bookmark\">Josef and Anni Albers . Kunst und Leben<\/a><\/div><\/li><\/ul><a id=\"year2021\"><\/a>2021<ul><li class=\"\"><div class=\"sya_postcontent\"><span class=\"sya_date\"> <span class=\"sya_sep\"> <\/span><\/span><a href=\"https:\/\/www.textile-forum-blog.org\/de\/2021\/12\/contextile-2022-open-call\/\" class=\"sya_postlink post-5124\" rel=\"bookmark\">Contextile 2022 Ausschreibung<\/a><\/div><\/li><li class=\"\"><div class=\"sya_postcontent\"><span class=\"sya_date\"> <span class=\"sya_sep\"> <\/span><\/span><a href=\"https:\/\/www.textile-forum-blog.org\/de\/2021\/11\/ann-richards-weaving-structure-and-substance\/\" class=\"sya_postlink post-5106\" rel=\"bookmark\">Ann Richard: Weaving  &#8211; Structure and Substance<\/a><\/div><\/li><li class=\"\"><div class=\"sya_postcontent\"><span class=\"sya_date\"> <span class=\"sya_sep\"> <\/span><\/span><a href=\"https:\/\/www.textile-forum-blog.org\/de\/2021\/10\/the-rijswijk-textile-biennial-2021-food-for-thought\/\" class=\"sya_postlink post-5090\" rel=\"bookmark\">Die Textilbiennale von Rijswijk 2021 &#8220;Food for Thought&#8221;<\/a><\/div><\/li><li class=\"\"><div class=\"sya_postcontent\"><span class=\"sya_date\"> <span class=\"sya_sep\"> <\/span><\/span><a href=\"https:\/\/www.textile-forum-blog.org\/de\/2021\/09\/textile-art-since-1945\/\" class=\"sya_postlink post-5002\" rel=\"bookmark\">Textilkunst nach 1945<\/a><\/div><\/li><li class=\"\"><div class=\"sya_postcontent\"><span class=\"sya_date\"> <span class=\"sya_sep\"> <\/span><\/span><a href=\"https:\/\/www.textile-forum-blog.org\/de\/2021\/08\/deutsch-veronika-moos-ausstellung-signaturen-im-raum\/\" class=\"sya_postlink post-4983\" rel=\"bookmark\">Veronika Moos &#8211; Ausstellung \u201eSignaturen im Raum\u201c<\/a><\/div><\/li><li class=\"\"><div class=\"sya_postcontent\"><span class=\"sya_date\"> <span class=\"sya_sep\"> <\/span><\/span><a href=\"https:\/\/www.textile-forum-blog.org\/de\/2021\/07\/17th-international-triennial-of-tapestry\/\" class=\"sya_postlink post-4974\" rel=\"bookmark\">17. Internationale Tapisserie-Triennale<\/a><\/div><\/li><li class=\"\"><div class=\"sya_postcontent\"><span class=\"sya_date\"> <span class=\"sya_sep\"> <\/span><\/span><a href=\"https:\/\/www.textile-forum-blog.org\/de\/2021\/06\/hella-jongerius-woven-cosmos\/\" class=\"sya_postlink post-4925\" rel=\"bookmark\">Hella Jongerius: Kosmos Weben<\/a><\/div><\/li><li class=\"\"><div class=\"sya_postcontent\"><span class=\"sya_date\"> <span class=\"sya_sep\"> <\/span><\/span><a href=\"https:\/\/www.textile-forum-blog.org\/de\/2021\/05\/measuring-of-time-an-exhibition-by-gertraude-pohl\/\" class=\"sya_postlink post-4910\" rel=\"bookmark\">\u201eZeit Vermessen\u201c, eine Ausstellung von Gertraude Pohl<\/a><\/div><\/li><li class=\"\"><div class=\"sya_postcontent\"><span class=\"sya_date\"> <span class=\"sya_sep\"> <\/span><\/span><a href=\"https:\/\/www.textile-forum-blog.org\/de\/2021\/04\/12-baltic-mini-textile-gdynia-2022\/\" class=\"sya_postlink post-4874\" rel=\"bookmark\">12. Baltische Minitextil Gdynia 2022<\/a><\/div><\/li><li class=\"\"><div class=\"sya_postcontent\"><span class=\"sya_date\"> <span class=\"sya_sep\"> <\/span><\/span><a href=\"https:\/\/www.textile-forum-blog.org\/de\/2021\/03\/artapestry-6\/\" class=\"sya_postlink post-4861\" rel=\"bookmark\">Artapestry 6<\/a><\/div><\/li><li class=\"\"><div class=\"sya_postcontent\"><span class=\"sya_date\"> <span class=\"sya_sep\"> <\/span><\/span><a href=\"https:\/\/www.textile-forum-blog.org\/de\/2021\/02\/thread-magic-weaving-for-shape-and-texture\/\" class=\"sya_postlink post-4832\" rel=\"bookmark\">Thread Magic &#8211; Weaving for Shape and Texture<\/a><\/div><\/li><li class=\"\"><div class=\"sya_postcontent\"><span class=\"sya_date\"> <span class=\"sya_sep\"> <\/span><\/span><a href=\"https:\/\/www.textile-forum-blog.org\/de\/2021\/01\/fiberart-international-2022\/\" class=\"sya_postlink post-4821\" rel=\"bookmark\">Fiberart International 2022<\/a><\/div><\/li><\/ul><a id=\"year2020\"><\/a>2020<ul><li class=\"\"><div class=\"sya_postcontent\"><span class=\"sya_date\"> <span class=\"sya_sep\"> <\/span><\/span><a href=\"https:\/\/www.textile-forum-blog.org\/de\/2020\/12\/the-art-is-the-cloth\/\" class=\"sya_postlink post-4794\" rel=\"bookmark\">The Art is the Cloth<\/a><\/div><\/li><li class=\"\"><div class=\"sya_postcontent\"><span class=\"sya_date\"> <span class=\"sya_sep\"> <\/span><\/span><a href=\"https:\/\/www.textile-forum-blog.org\/de\/2020\/11\/the-13th-paper-biennial-at-museum-rijswijk\/\" class=\"sya_postlink post-4780\" rel=\"bookmark\">13. Papier Bienniale im Museum Rijswijk<\/a><\/div><\/li><li class=\"\"><div class=\"sya_postcontent\"><span class=\"sya_date\"> <span class=\"sya_sep\"> <\/span><\/span><a href=\"https:\/\/www.textile-forum-blog.org\/de\/2020\/10\/extra-large-tapestries-from-picasso-and-le-corbusier-to-louise-bourgeois\/\" class=\"sya_postlink post-4700\" rel=\"bookmark\">Extra Large &#8211; Wandteppiche von Picasso und Le Corbusier bis Louise Bourgeois<\/a><\/div><\/li><li class=\"\"><div class=\"sya_postcontent\"><span class=\"sya_date\"> <span class=\"sya_sep\"> <\/span><\/span><a href=\"https:\/\/www.textile-forum-blog.org\/de\/2020\/09\/contextile-2020-contemporary-textile-art-biennial-2\/\" class=\"sya_postlink post-4652\" rel=\"bookmark\">(English) Contextile 2020 &#8211;\u00a0Contemporary Textile Art Biennial<\/a><\/div><\/li><li class=\"\"><div class=\"sya_postcontent\"><span class=\"sya_date\"> <span class=\"sya_sep\"> <\/span><\/span><a href=\"https:\/\/www.textile-forum-blog.org\/de\/2020\/08\/fantastic-women-surreal-worlds-from-meret-oppenheim-to-frida-kahlo\/\" class=\"sya_postlink post-4639\" rel=\"bookmark\">Fantastische Frauen &#8211; Surreale Welten von Meret Oppenheim bis Frida Kahlo<\/a><\/div><\/li><li class=\"\"><div class=\"sya_postcontent\"><span class=\"sya_date\"> <span class=\"sya_sep\"> <\/span><\/span><a href=\"https:\/\/www.textile-forum-blog.org\/de\/2020\/07\/life-doesnt-frighten-me-michelle-elie-wears-comme-des-garcons\/\" class=\"sya_postlink post-4614\" rel=\"bookmark\">&#8221;Life doesn\u2019t frighten me&#8221; &#8211; Michelle Elie tr\u00e4gt Comme des Gar\u00e7ons<\/a><\/div><\/li><li class=\"\"><div class=\"sya_postcontent\"><span class=\"sya_date\"> <span class=\"sya_sep\"> <\/span><\/span><a href=\"https:\/\/www.textile-forum-blog.org\/de\/2020\/06\/8th-european-quilt-triennial-2021\/\" class=\"sya_postlink post-4588\" rel=\"bookmark\">8. Europ\u00e4ische Quilt Triennale 2021<\/a><\/div><\/li><li class=\"\"><div class=\"sya_postcontent\"><span class=\"sya_date\"> <span class=\"sya_sep\"> <\/span><\/span><a href=\"https:\/\/www.textile-forum-blog.org\/de\/2020\/05\/small-tapestry-international-7-elements\/\" class=\"sya_postlink post-4565\" rel=\"bookmark\">Small Tapestry International 7: Elements<\/a><\/div><\/li><li class=\"\"><div class=\"sya_postcontent\"><span class=\"sya_date\"> <span class=\"sya_sep\"> <\/span><\/span><a href=\"https:\/\/www.textile-forum-blog.org\/de\/2020\/04\/online-archive-of-textil-forum-magazines\/\" class=\"sya_postlink post-4536\" rel=\"bookmark\">Online-Archiv der TEXTILFORUM Zeitschrift<\/a><\/div><\/li><li class=\"\"><div class=\"sya_postcontent\"><span class=\"sya_date\"> <span class=\"sya_sep\"> <\/span><\/span><a href=\"https:\/\/www.textile-forum-blog.org\/de\/2020\/03\/artapestry-6-european-tapestry-forum\/\" class=\"sya_postlink post-4511\" rel=\"bookmark\">ARTAPESTRY 6 &#8211; Europ\u00e4isches Tapisserie-Forum<\/a><\/div><\/li><li class=\"\"><div class=\"sya_postcontent\"><span class=\"sya_date\"> <span class=\"sya_sep\"> <\/span><\/span><a href=\"https:\/\/www.textile-forum-blog.org\/de\/2020\/02\/30th-miniartextil-como\/\" class=\"sya_postlink post-4490\" rel=\"bookmark\">30. Miniartextil Como<\/a><\/div><\/li><li class=\"\"><div class=\"sya_postcontent\"><span class=\"sya_date\"> <span class=\"sya_sep\"> <\/span><\/span><a href=\"https:\/\/www.textile-forum-blog.org\/de\/2020\/01\/hannah-ryggen-woven-manifesto\/\" class=\"sya_postlink post-4450\" rel=\"bookmark\">Hannah Ryggen- Gewebte Manifeste<\/a><\/div><\/li><\/ul><a id=\"year2019\"><\/a>2019<ul><li class=\"\"><div class=\"sya_postcontent\"><span class=\"sya_date\"> <span class=\"sya_sep\"> <\/span><\/span><a href=\"https:\/\/www.textile-forum-blog.org\/de\/2019\/12\/the-8th-international-biennial-of-contemporary-textile-art-wta\/\" class=\"sya_postlink post-4420\" rel=\"bookmark\">Die 8. Internationale Biennale f\u00fcr zeitgen\u00f6ssische Textilkunst WTA<\/a><\/div><\/li><li class=\"\"><div class=\"sya_postcontent\"><span class=\"sya_date\"> <span class=\"sya_sep\"> <\/span><\/span><a href=\"https:\/\/www.textile-forum-blog.org\/de\/2019\/11\/the-16th-international-lodz-tapestry-triennial-2019\/\" class=\"sya_postlink post-4359\" rel=\"bookmark\">Die 16. Internationale Tapisserie Triennale, L\u00f3dz 2019<\/a><\/div><\/li><li class=\"\"><div class=\"sya_postcontent\"><span class=\"sya_date\"> <span class=\"sya_sep\"> <\/span><\/span><a href=\"https:\/\/www.textile-forum-blog.org\/de\/2019\/10\/contextile-2020-contemporary-textile-art-biennial\/\" class=\"sya_postlink post-4311\" rel=\"bookmark\">Contextile 2020 &#8211; Zeitgen\u00f6ssische Textilkunst-Biennale<\/a><\/div><\/li><li class=\"\"><div class=\"sya_postcontent\"><span class=\"sya_date\"> <span class=\"sya_sep\"> <\/span><\/span><a href=\"https:\/\/www.textile-forum-blog.org\/de\/2019\/08\/garden-of-eden-visit-of-the-exhibition\/\" class=\"sya_postlink post-4250\" rel=\"bookmark\">Garden of Eden- Austellungsbesuch<\/a><\/div><\/li><li class=\"\"><div class=\"sya_postcontent\"><span class=\"sya_date\"> <span class=\"sya_sep\"> <\/span><\/span><a href=\"https:\/\/www.textile-forum-blog.org\/de\/2019\/07\/vitamin-t-threads-and-textiles-in-contemporary-art\/\" class=\"sya_postlink post-4160\" rel=\"bookmark\">Vitamin T &#8211; Threads and Textiles in Contemporary Art<\/a><\/div><\/li><li class=\"\"><div class=\"sya_postcontent\"><span class=\"sya_date\"> <span class=\"sya_sep\"> <\/span><\/span><a href=\"https:\/\/www.textile-forum-blog.org\/de\/2019\/07\/mural-and-spatial\/\" class=\"sya_postlink post-4146\" rel=\"bookmark\">Mural and Spatial<\/a><\/div><\/li><li class=\"\"><div class=\"sya_postcontent\"><span class=\"sya_date\"> <span class=\"sya_sep\"> <\/span><\/span><a href=\"https:\/\/www.textile-forum-blog.org\/de\/2019\/07\/garden-of-eden-jury-results\/\" class=\"sya_postlink post-4121\" rel=\"bookmark\">Garden of Eden &#8211; Jury Ergebnisse<\/a><\/div><\/li><li class=\"\"><div class=\"sya_postcontent\"><span class=\"sya_date\"> <span class=\"sya_sep\"> <\/span><\/span><a href=\"https:\/\/www.textile-forum-blog.org\/de\/2019\/06\/the-19th-etn-conference-garden-of-eden-in-haslach-austria\/\" class=\"sya_postlink post-4099\" rel=\"bookmark\">Die 19. ETN-Konferenz: Garten Eden, Haslach, \u00d6sterreich, 2019<\/a><\/div><\/li><li class=\"\"><div class=\"sya_postcontent\"><span class=\"sya_date\"> <span class=\"sya_sep\"> <\/span><\/span><a href=\"https:\/\/www.textile-forum-blog.org\/de\/2019\/05\/shiharu-shiota-beyond-memory\/\" class=\"sya_postlink post-4064\" rel=\"bookmark\">Chiharu Shiota &#8211; Installation im Gropiusbau Berlin<\/a><\/div><\/li><li class=\"\"><div class=\"sya_postcontent\"><span class=\"sya_date\"> <span class=\"sya_sep\"> <\/span><\/span><a href=\"https:\/\/www.textile-forum-blog.org\/de\/2019\/05\/yayoi-kusama-2\/\" class=\"sya_postlink post-4049\" rel=\"bookmark\">Yayoi Kusama<\/a><\/div><\/li><li class=\"\"><div class=\"sya_postcontent\"><span class=\"sya_date\"> <span class=\"sya_sep\"> <\/span><\/span><a href=\"https:\/\/www.textile-forum-blog.org\/de\/2019\/05\/2019-rijswijk-textile-biennial\/\" class=\"sya_postlink post-4032\" rel=\"bookmark\">Die Textilbiennale von Rijswijk<\/a><\/div><\/li><li class=\"\"><div class=\"sya_postcontent\"><span class=\"sya_date\"> <span class=\"sya_sep\"> <\/span><\/span><a href=\"https:\/\/www.textile-forum-blog.org\/de\/2019\/04\/el-anatsui-triumphant-scale-2\/\" class=\"sya_postlink post-4015\" rel=\"bookmark\">El Anatsui &#8211; Triumphant Scale<\/a><\/div><\/li><li class=\"\"><div class=\"sya_postcontent\"><span class=\"sya_date\"> <span class=\"sya_sep\"> <\/span><\/span><a href=\"https:\/\/www.textile-forum-blog.org\/de\/2019\/03\/yayoi-kusama\/\" class=\"sya_postlink post-3977\" rel=\"bookmark\">Yayoi Kusama<\/a><\/div><\/li><li class=\"\"><div class=\"sya_postcontent\"><span class=\"sya_date\"> <span class=\"sya_sep\"> <\/span><\/span><a href=\"https:\/\/www.textile-forum-blog.org\/de\/2019\/02\/el-anatsui-triumphant-scale\/\" class=\"sya_postlink post-3963\" rel=\"bookmark\">El Anatsui &#8211; Triumphant Scale<\/a><\/div><\/li><li class=\"\"><div class=\"sya_postcontent\"><span class=\"sya_date\"> <span class=\"sya_sep\"> <\/span><\/span><a href=\"https:\/\/www.textile-forum-blog.org\/de\/2019\/01\/contest-2019-miniartextil\/\" class=\"sya_postlink post-3943\" rel=\"bookmark\">Wettbewerb Miniartextil 2019<\/a><\/div><\/li><li class=\"\"><div class=\"sya_postcontent\"><span class=\"sya_date\"> <span class=\"sya_sep\"> <\/span><\/span><a href=\"https:\/\/www.textile-forum-blog.org\/de\/2019\/01\/gabi-mett-textile-poetry\/\" class=\"sya_postlink post-3924\" rel=\"bookmark\">Gabi Mett \u2013 textile Poesie<\/a><\/div><\/li><\/ul><a id=\"year2018\"><\/a>2018<ul><li class=\"\"><div class=\"sya_postcontent\"><span class=\"sya_date\"> <span class=\"sya_sep\"> <\/span><\/span><a href=\"https:\/\/www.textile-forum-blog.org\/de\/2018\/12\/divine-sparks-barbara-heller\/\" class=\"sya_postlink post-3828\" rel=\"bookmark\">Divine Sparks &#8211; Barbara Heller<\/a><\/div><\/li><li class=\"\"><div class=\"sya_postcontent\"><span class=\"sya_date\"> <span class=\"sya_sep\"> <\/span><\/span><a href=\"https:\/\/www.textile-forum-blog.org\/de\/2018\/12\/lia-cook-inner-traces\/\" class=\"sya_postlink post-3908\" rel=\"bookmark\">Lia Cook  &#8211;  Inner Traces<\/a><\/div><\/li><li class=\"\"><div class=\"sya_postcontent\"><span class=\"sya_date\"> <span class=\"sya_sep\"> <\/span><\/span><a href=\"https:\/\/www.textile-forum-blog.org\/de\/2018\/11\/garden-of-eden\/\" class=\"sya_postlink post-3895\" rel=\"bookmark\">Garden of Eden<\/a><\/div><\/li><li class=\"\"><div class=\"sya_postcontent\"><span class=\"sya_date\"> <span class=\"sya_sep\"> <\/span><\/span><a href=\"https:\/\/www.textile-forum-blog.org\/de\/2018\/11\/10th-from-lausanne-to-beijing-exhibition\/\" class=\"sya_postlink post-3824\" rel=\"bookmark\">Die 10. Biennale &#8216;Von Lausanne nach Peking&#8217;<\/a><\/div><\/li><li class=\"\"><div class=\"sya_postcontent\"><span class=\"sya_date\"> <span class=\"sya_sep\"> <\/span><\/span><a href=\"https:\/\/www.textile-forum-blog.org\/de\/2018\/10\/in-a-different-voice-fiber-art-in-a-care-narrative\/\" class=\"sya_postlink post-3783\" rel=\"bookmark\">In A Different Voice: Fiber Art In A Care Narrative<\/a><\/div><\/li><li class=\"\"><div class=\"sya_postcontent\"><span class=\"sya_date\"> <span class=\"sya_sep\"> <\/span><\/span><a href=\"https:\/\/www.textile-forum-blog.org\/de\/2018\/10\/metamorphism-magdalena-abakanowicz-2\/\" class=\"sya_postlink post-3729\" rel=\"bookmark\">Metamorphose &#8211; Magdalena Abakanowicz<\/a><\/div><\/li><li class=\"\"><div class=\"sya_postcontent\"><span class=\"sya_date\"> <span class=\"sya_sep\"> <\/span><\/span><a href=\"https:\/\/www.textile-forum-blog.org\/de\/2018\/09\/light-of-spirit-olga-de-amaral-a-retrospective\/\" class=\"sya_postlink post-3715\" rel=\"bookmark\">Light of Spirit \u2013 Olga de Amaral \u2013 eine Retrospektive<\/a><\/div><\/li><li class=\"\"><div class=\"sya_postcontent\"><span class=\"sya_date\"> <span class=\"sya_sep\"> <\/span><\/span><a href=\"https:\/\/www.textile-forum-blog.org\/de\/2018\/08\/contemporary-polish-textile-art-readings-letters-and-conversations\/\" class=\"sya_postlink post-3693\" rel=\"bookmark\">(English) Contemporary\u00a0Polish Textile Art &#8211; Readings, letters and conversations<\/a><\/div><\/li><li class=\"\"><div class=\"sya_postcontent\"><span class=\"sya_date\"> <span class=\"sya_sep\"> <\/span><\/span><a href=\"https:\/\/www.textile-forum-blog.org\/de\/2018\/08\/16th-international-triennial-of-tapestry-in-lodz\/\" class=\"sya_postlink post-3676\" rel=\"bookmark\">Die 16. Internationale Triennale von Lodz 2019<\/a><\/div><\/li><li class=\"\"><div class=\"sya_postcontent\"><span class=\"sya_date\"> <span class=\"sya_sep\"> <\/span><\/span><a href=\"https:\/\/www.textile-forum-blog.org\/de\/2018\/07\/anni-albers\/\" class=\"sya_postlink post-3659\" rel=\"bookmark\">Anni Albers<\/a><\/div><\/li><li class=\"\"><div class=\"sya_postcontent\"><span class=\"sya_date\"> <span class=\"sya_sep\"> <\/span><\/span><a href=\"https:\/\/www.textile-forum-blog.org\/de\/2018\/06\/2019-textile-biennial-rijswijk\/\" class=\"sya_postlink post-3636\" rel=\"bookmark\">Textil Biennale Rijswijk 2019<\/a><\/div><\/li><li class=\"\"><div class=\"sya_postcontent\"><span class=\"sya_date\"> <span class=\"sya_sep\"> <\/span><\/span><a href=\"https:\/\/www.textile-forum-blog.org\/de\/2018\/05\/2018-paper-biennial-rijswijk\/\" class=\"sya_postlink post-3621\" rel=\"bookmark\">2018 Paper Biennial Rijswijk<\/a><\/div><\/li><li class=\"\"><div class=\"sya_postcontent\"><span class=\"sya_date\"> <span class=\"sya_sep\"> <\/span><\/span><a href=\"https:\/\/www.textile-forum-blog.org\/de\/2018\/05\/international-weaving-course-in-italy-near-venice\/\" class=\"sya_postlink post-3608\" rel=\"bookmark\">Internationaler Webkurs  in Italien bei Venedig<\/a><\/div><\/li><li class=\"\"><div class=\"sya_postcontent\"><span class=\"sya_date\"> <span class=\"sya_sep\"> <\/span><\/span><a href=\"https:\/\/www.textile-forum-blog.org\/de\/2018\/04\/exhibition-por-dentro-por-fuera-y-mas-alla-goes-to-the-netherlands\/\" class=\"sya_postlink post-3589\" rel=\"bookmark\">Ausstellung por dentro-por fuera y m\u00e0s all\u00e1  demn\u00e4chst in den Niederlanden<\/a><\/div><\/li><li class=\"\"><div class=\"sya_postcontent\"><span class=\"sya_date\"> <span class=\"sya_sep\"> <\/span><\/span><a href=\"https:\/\/www.textile-forum-blog.org\/de\/2018\/03\/the-11th-international-shiborisymposium\/\" class=\"sya_postlink post-3555\" rel=\"bookmark\">The 11th International ShiboriSymposium<\/a><\/div><\/li><li class=\"\"><div class=\"sya_postcontent\"><span class=\"sya_date\"> <span class=\"sya_sep\"> <\/span><\/span><a href=\"https:\/\/www.textile-forum-blog.org\/de\/2018\/03\/sheila-hicks-lignes-de-vie\/\" class=\"sya_postlink post-3534\" rel=\"bookmark\">Sheila Hicks &#8211; Lignes de vie<\/a><\/div><\/li><li class=\"\"><div class=\"sya_postcontent\"><span class=\"sya_date\"> <span class=\"sya_sep\"> <\/span><\/span><a href=\"https:\/\/www.textile-forum-blog.org\/de\/2018\/03\/from-tapestry-to-fiber-art\/\" class=\"sya_postlink post-3509\" rel=\"bookmark\">From Tapestry to Fiber Art<\/a><\/div><\/li><li class=\"\"><div class=\"sya_postcontent\"><span class=\"sya_date\"> <span class=\"sya_sep\"> <\/span><\/span><a href=\"https:\/\/www.textile-forum-blog.org\/de\/2018\/03\/world-of-wearableart-awards-call-for-entries\/\" class=\"sya_postlink post-3503\" rel=\"bookmark\">World of WearableArt\u2122 Wettbewerb<\/a><\/div><\/li><li class=\"\"><div class=\"sya_postcontent\"><span class=\"sya_date\"> <span class=\"sya_sep\"> <\/span><\/span><a href=\"https:\/\/www.textile-forum-blog.org\/de\/2018\/02\/rebellion-of-the-matter\/\" class=\"sya_postlink post-3459\" rel=\"bookmark\">Rebellion of the Matter<\/a><\/div><\/li><li class=\"\"><div class=\"sya_postcontent\"><span class=\"sya_date\"> <span class=\"sya_sep\"> <\/span><\/span><a href=\"https:\/\/www.textile-forum-blog.org\/de\/2018\/02\/deutsch-wettbewerb-humans-miniartextil-2018\/\" class=\"sya_postlink post-3473\" rel=\"bookmark\">Wettbewerb: HUMANS &#8211;  Miniartextil.<\/a><\/div><\/li><li class=\"\"><div class=\"sya_postcontent\"><span class=\"sya_date\"> <span class=\"sya_sep\"> <\/span><\/span><a href=\"https:\/\/www.textile-forum-blog.org\/de\/2018\/02\/wlodzimierz-cygan-ad-initium\/\" class=\"sya_postlink post-3436\" rel=\"bookmark\">Wlodzimierz Cygan \u2013 Ad Initium<\/a><\/div><\/li><li class=\"\"><div class=\"sya_postcontent\"><span class=\"sya_date\"> <span class=\"sya_sep\"> <\/span><\/span><a href=\"https:\/\/www.textile-forum-blog.org\/de\/2018\/02\/metamorphism-magdalena-abakanowicz\/\" class=\"sya_postlink post-3362\" rel=\"bookmark\">Metamorphism \u2013 Magdalena Abakanowicz<\/a><\/div><\/li><li class=\"\"><div class=\"sya_postcontent\"><span class=\"sya_date\"> <span class=\"sya_sep\"> <\/span><\/span><a href=\"https:\/\/www.textile-forum-blog.org\/de\/2018\/01\/suhandan-oezay-demirkan-fiber-language-art-shoes-textiles\/\" class=\"sya_postlink post-3340\" rel=\"bookmark\">Suhandan \u00d6zay Demirkan: Fiber Language  Art Shoes &#038; Textiles<\/a><\/div><\/li><li class=\"\"><div class=\"sya_postcontent\"><span class=\"sya_date\"> <span class=\"sya_sep\"> <\/span><\/span><a href=\"https:\/\/www.textile-forum-blog.org\/de\/2018\/01\/artapestry-5\/\" class=\"sya_postlink post-3307\" rel=\"bookmark\">Artapestry 5<\/a><\/div><\/li><\/ul><a id=\"year2017\"><\/a>2017<ul><li class=\"\"><div class=\"sya_postcontent\"><span class=\"sya_date\"> <span class=\"sya_sep\"> <\/span><\/span><a href=\"https:\/\/www.textile-forum-blog.org\/de\/2017\/12\/tinkuy-2017-gathering-of-the-textile-arts-weaving-the-past-present-and-future\/\" class=\"sya_postlink post-3255\" rel=\"bookmark\">Tinkuy 2017 \u2013 Gathering of the Textile Arts: Weaving the Past, Present and Future<\/a><\/div><\/li><li class=\"\"><div class=\"sya_postcontent\"><span class=\"sya_date\"> <span class=\"sya_sep\"> <\/span><\/span><a href=\"https:\/\/www.textile-forum-blog.org\/de\/2017\/12\/world-textile-art-montevideo-invited-artists\/\" class=\"sya_postlink post-3249\" rel=\"bookmark\">World Textile Art Montevideo: Invited Artists<\/a><\/div><\/li><li class=\"\"><div class=\"sya_postcontent\"><span class=\"sya_date\"> <span class=\"sya_sep\"> <\/span><\/span><a href=\"https:\/\/www.textile-forum-blog.org\/de\/2017\/11\/world-textile-art-montevideo-textile-art-in-small-format\/\" class=\"sya_postlink post-3236\" rel=\"bookmark\">World Textile Art Montevideo: Textilkunst im kleinen Format<\/a><\/div><\/li><li class=\"\"><div class=\"sya_postcontent\"><span class=\"sya_date\"> <span class=\"sya_sep\"> <\/span><\/span><a href=\"https:\/\/www.textile-forum-blog.org\/de\/2017\/10\/7th-international-biennial-of-textile-art-wta-in-montevideo\/\" class=\"sya_postlink post-3203\" rel=\"bookmark\">7th International Biennial of Textile Art WTA  in Montevideo<\/a><\/div><\/li><li class=\"\"><div class=\"sya_postcontent\"><span class=\"sya_date\"> <span class=\"sya_sep\"> <\/span><\/span><a href=\"https:\/\/www.textile-forum-blog.org\/de\/2017\/10\/britta-marakatt-laba\/\" class=\"sya_postlink post-3138\" rel=\"bookmark\">Britta Marakatt Laba<\/a><\/div><\/li><li class=\"\"><div class=\"sya_postcontent\"><span class=\"sya_date\"> <span class=\"sya_sep\"> <\/span><\/span><a href=\"https:\/\/www.textile-forum-blog.org\/de\/2017\/09\/the-etn-conference-in-boras-2017\/\" class=\"sya_postlink post-3051\" rel=\"bookmark\">The ETN Conference in Bor\u00e5s<\/a><\/div><\/li><li class=\"\"><div class=\"sya_postcontent\"><span class=\"sya_date\"> <span class=\"sya_sep\"> <\/span><\/span><a href=\"https:\/\/www.textile-forum-blog.org\/de\/2017\/09\/fiberart-international-2019\/\" class=\"sya_postlink post-3120\" rel=\"bookmark\">Fiberart International 2019<\/a><\/div><\/li><li class=\"\"><div class=\"sya_postcontent\"><span class=\"sya_date\"> <span class=\"sya_sep\"> <\/span><\/span><a href=\"https:\/\/www.textile-forum-blog.org\/de\/2017\/07\/rijswijk-textile-biennial-2017\/\" class=\"sya_postlink post-2989\" rel=\"bookmark\">Die Textil Biennale von Rijswijk<\/a><\/div><\/li><li class=\"\"><div class=\"sya_postcontent\"><span class=\"sya_date\"> <span class=\"sya_sep\"> <\/span><\/span><a href=\"https:\/\/www.textile-forum-blog.org\/de\/2017\/06\/biennale-arte-2017-in-venice\/\" class=\"sya_postlink post-2962\" rel=\"bookmark\">Die Kunst Biennale von Venedig<\/a><\/div><\/li><li class=\"\"><div class=\"sya_postcontent\"><span class=\"sya_date\"> <span class=\"sya_sep\"> <\/span><\/span><a href=\"https:\/\/www.textile-forum-blog.org\/de\/2017\/06\/documenta-2017-in-kassel\/\" class=\"sya_postlink post-2923\" rel=\"bookmark\">Documenta 2017 in Kassel<\/a><\/div><\/li><li class=\"\"><div class=\"sya_postcontent\"><span class=\"sya_date\"> <span class=\"sya_sep\"> <\/span><\/span><a href=\"https:\/\/www.textile-forum-blog.org\/de\/2017\/06\/the-18th-etn-conference-crossover-boras-2017\/\" class=\"sya_postlink post-2880\" rel=\"bookmark\">The 18th ETN Conference: Crossover Bor\u00e5s 2017<\/a><\/div><\/li><li class=\"\"><div class=\"sya_postcontent\"><span class=\"sya_date\"> <span class=\"sya_sep\"> <\/span><\/span><a href=\"https:\/\/www.textile-forum-blog.org\/de\/2017\/05\/textile-and-art-recent-developments\/\" class=\"sya_postlink post-2850\" rel=\"bookmark\">Textil und Kunst &#8211; j\u00fcngste Entwicklungen<\/a><\/div><\/li><li class=\"\"><div class=\"sya_postcontent\"><span class=\"sya_date\"> <span class=\"sya_sep\"> <\/span><\/span><a href=\"https:\/\/www.textile-forum-blog.org\/de\/2017\/05\/entangled-threads-and-making\/\" class=\"sya_postlink post-2784\" rel=\"bookmark\">(English) Entangled: Threads and Making<\/a><\/div><\/li><li class=\"\"><div class=\"sya_postcontent\"><span class=\"sya_date\"> <span class=\"sya_sep\"> <\/span><\/span><a href=\"https:\/\/www.textile-forum-blog.org\/de\/2017\/04\/chintz-cotton-in-bloom\/\" class=\"sya_postlink post-2729\" rel=\"bookmark\">Chintz &#8211; Baumwolle in Bl\u00fcte<\/a><\/div><\/li><li class=\"\"><div class=\"sya_postcontent\"><span class=\"sya_date\"> <span class=\"sya_sep\"> <\/span><\/span><a href=\"https:\/\/www.textile-forum-blog.org\/de\/2017\/04\/miniartextil-2017\/\" class=\"sya_postlink post-2720\" rel=\"bookmark\">Miniartextil 2017<\/a><\/div><\/li><li class=\"\"><div class=\"sya_postcontent\"><span class=\"sya_date\"> <span class=\"sya_sep\"> <\/span><\/span><a href=\"https:\/\/www.textile-forum-blog.org\/de\/2017\/03\/the-rijswijk-textile-biennial\/\" class=\"sya_postlink post-2696\" rel=\"bookmark\">Die Textilbiennale von Rijswijk<\/a><\/div><\/li><li class=\"\"><div class=\"sya_postcontent\"><span class=\"sya_date\"> <span class=\"sya_sep\"> <\/span><\/span><a href=\"https:\/\/www.textile-forum-blog.org\/de\/2017\/02\/entangled-treads-and-making-view-at-the-exhibition\/\" class=\"sya_postlink post-2690\" rel=\"bookmark\">Entangled: Treads and Making, view at the exhibition<\/a><\/div><\/li><li class=\"\"><div class=\"sya_postcontent\"><span class=\"sya_date\"> <span class=\"sya_sep\"> <\/span><\/span><a href=\"https:\/\/www.textile-forum-blog.org\/de\/2017\/02\/world-of-wearable-art-wow\/\" class=\"sya_postlink post-2673\" rel=\"bookmark\">Welt der tragbaren Kunst -WOW<\/a><\/div><\/li><li class=\"\"><div class=\"sya_postcontent\"><span class=\"sya_date\"> <span class=\"sya_sep\"> <\/span><\/span><a href=\"https:\/\/www.textile-forum-blog.org\/de\/2017\/01\/wearable-expressions\/\" class=\"sya_postlink post-2664\" rel=\"bookmark\">Wearable Expressions<\/a><\/div><\/li><\/ul><a id=\"year2016\"><\/a>2016<ul><li class=\"\"><div class=\"sya_postcontent\"><span class=\"sya_date\"> <span class=\"sya_sep\"> <\/span><\/span><a href=\"https:\/\/www.textile-forum-blog.org\/de\/2016\/12\/the-10th-international-shibori-symposium-of-oaxaca-mexico\/\" class=\"sya_postlink post-2615\" rel=\"bookmark\">Das 10. Internationale Shibori Symposium in Oaxaca, Mexico<\/a><\/div><\/li><li class=\"\"><div class=\"sya_postcontent\"><span class=\"sya_date\"> <span class=\"sya_sep\"> <\/span><\/span><a href=\"https:\/\/www.textile-forum-blog.org\/de\/2016\/10\/francoise-grossen-selects\/\" class=\"sya_postlink post-2608\" rel=\"bookmark\">Fran\u00e7oise Grossen Selects<\/a><\/div><\/li><li class=\"\"><div class=\"sya_postcontent\"><span class=\"sya_date\"> <span class=\"sya_sep\"> <\/span><\/span><a href=\"https:\/\/www.textile-forum-blog.org\/de\/2016\/10\/small-tapestry-international-5-crossroads\/\" class=\"sya_postlink post-2601\" rel=\"bookmark\">Small Tapestry International 5: Crossroads<\/a><\/div><\/li><li class=\"\"><div class=\"sya_postcontent\"><span class=\"sya_date\"> <span class=\"sya_sep\"> <\/span><\/span><a href=\"https:\/\/www.textile-forum-blog.org\/de\/2016\/10\/11th-international-triennial-of-mini-textiles-angers\/\" class=\"sya_postlink post-2591\" rel=\"bookmark\">11.Internationale Mini-Textil-Triennale von Angers<\/a><\/div><\/li><li class=\"\"><div class=\"sya_postcontent\"><span class=\"sya_date\"> <span class=\"sya_sep\"> <\/span><\/span><a href=\"https:\/\/www.textile-forum-blog.org\/de\/2016\/09\/johanna-schutz-wolff-expressive-tapestries-and-graphic-art\/\" class=\"sya_postlink post-2580\" rel=\"bookmark\">Johanna Sch\u00fctz-Wolff: Expressive Bildteppiche und Grafik<\/a><\/div><\/li><li class=\"\"><div class=\"sya_postcontent\"><span class=\"sya_date\"> <span class=\"sya_sep\"> <\/span><\/span><a href=\"https:\/\/www.textile-forum-blog.org\/de\/2016\/09\/chiharu-shiota-uncertain-journey\/\" class=\"sya_postlink post-2572\" rel=\"bookmark\">Chiharu Shiota | Ungewisse Reise<\/a><\/div><\/li><li class=\"\"><div class=\"sya_postcontent\"><span class=\"sya_date\"> <span class=\"sya_sep\"> <\/span><\/span><a href=\"https:\/\/www.textile-forum-blog.org\/de\/2016\/08\/5th-european-tapestry-triennial\/\" class=\"sya_postlink post-2557\" rel=\"bookmark\">5th Europ\u00e4ische Tapisserie Triennale<\/a><\/div><\/li><li class=\"\"><div class=\"sya_postcontent\"><span class=\"sya_date\"> <span class=\"sya_sep\"> <\/span><\/span><a href=\"https:\/\/www.textile-forum-blog.org\/de\/2016\/08\/asia-europe-iii\/\" class=\"sya_postlink post-2534\" rel=\"bookmark\">Asien Europa III<\/a><\/div><\/li><li class=\"\"><div class=\"sya_postcontent\"><span class=\"sya_date\"> <span class=\"sya_sep\"> <\/span><\/span><a href=\"https:\/\/www.textile-forum-blog.org\/de\/2016\/07\/weaving-we-2016-hangzhou-triennial-of-fiber-art\/\" class=\"sya_postlink post-2518\" rel=\"bookmark\">Weaving &#038; We : 2016 Hangzhou Triennial of Fiber Art<\/a><\/div><\/li><li class=\"\"><div class=\"sya_postcontent\"><span class=\"sya_date\"> <span class=\"sya_sep\"> <\/span><\/span><a href=\"https:\/\/www.textile-forum-blog.org\/de\/2016\/07\/tapestry-3-apocalypse-or-global-sustainability\/\" class=\"sya_postlink post-2507\" rel=\"bookmark\">Tapestry 3 \u2013 Apocalypse or Global Sustainability<\/a><\/div><\/li><li class=\"\"><div class=\"sya_postcontent\"><span class=\"sya_date\"> <span class=\"sya_sep\"> <\/span><\/span><a href=\"https:\/\/www.textile-forum-blog.org\/de\/2016\/06\/2016-paper-biennial-rijswijk\/\" class=\"sya_postlink post-2485\" rel=\"bookmark\">2016 Papierbiennale Rijswijk<\/a><\/div><\/li><li class=\"\"><div class=\"sya_postcontent\"><span class=\"sya_date\"> <span class=\"sya_sep\"> <\/span><\/span><a href=\"https:\/\/www.textile-forum-blog.org\/de\/2016\/06\/2017-rijswijk-textile-biennial\/\" class=\"sya_postlink post-2460\" rel=\"bookmark\">Rijswijk Textilbiennale 2017<\/a><\/div><\/li><li class=\"\"><div class=\"sya_postcontent\"><span class=\"sya_date\"> <span class=\"sya_sep\"> <\/span><\/span><a href=\"https:\/\/www.textile-forum-blog.org\/de\/2016\/05\/the-tapestry-triennale-of-lodz\/\" class=\"sya_postlink post-2448\" rel=\"bookmark\">Die Tapisserie Triennale von Lodz<\/a><\/div><\/li><li class=\"\"><div class=\"sya_postcontent\"><span class=\"sya_date\"> <span class=\"sya_sep\"> <\/span><\/span><a href=\"https:\/\/www.textile-forum-blog.org\/de\/2016\/04\/deutsch-die-ausstellung-tapisseries-nomades\/\" class=\"sya_postlink post-2410\" rel=\"bookmark\">Die Ausstellung \u201eTapisseries Nomades\u201c<\/a><\/div><\/li><li class=\"\"><div class=\"sya_postcontent\"><span class=\"sya_date\"> <span class=\"sya_sep\"> <\/span><\/span><a href=\"https:\/\/www.textile-forum-blog.org\/de\/2016\/03\/textile-design-today-from-experiment-to-series\/\" class=\"sya_postlink post-2368\" rel=\"bookmark\">Textildesign heute \u2013 Vom Experiment zur Serie<\/a><\/div><\/li><li class=\"\"><div class=\"sya_postcontent\"><span class=\"sya_date\"> <span class=\"sya_sep\"> <\/span><\/span><a href=\"https:\/\/www.textile-forum-blog.org\/de\/2016\/03\/sheila-hicks-why-not\/\" class=\"sya_postlink post-2325\" rel=\"bookmark\">Sheila Hicks: Ausstellung &#8220;Why Not ?&#8221;<\/a><\/div><\/li><li class=\"\"><div class=\"sya_postcontent\"><span class=\"sya_date\"> <span class=\"sya_sep\"> <\/span><\/span><a href=\"https:\/\/www.textile-forum-blog.org\/de\/2016\/03\/7th-international-wearable-expressions-juried-exhibition\/\" class=\"sya_postlink post-2313\" rel=\"bookmark\">Wearable Expressions 7th International Juried Exhibition<\/a><\/div><\/li><li class=\"\"><div class=\"sya_postcontent\"><span class=\"sya_date\"> <span class=\"sya_sep\"> <\/span><\/span><a href=\"https:\/\/www.textile-forum-blog.org\/de\/2016\/02\/15th-international-triennial-of-tapestry-lodz-2016\/\" class=\"sya_postlink post-2299\" rel=\"bookmark\">15. internationale Tapisserie Triennale, Lodz, 2016<\/a><\/div><\/li><li class=\"\"><div class=\"sya_postcontent\"><span class=\"sya_date\"> <span class=\"sya_sep\"> <\/span><\/span><a href=\"https:\/\/www.textile-forum-blog.org\/de\/2016\/01\/the-itcc-2015-textile-costume-conference\/\" class=\"sya_postlink post-2272\" rel=\"bookmark\">The ITCC 2015 Textile &#038; Costume Conference<\/a><\/div><\/li><\/ul><a id=\"year2015\"><\/a>2015<ul><li class=\"\"><div class=\"sya_postcontent\"><span class=\"sya_date\"> <span class=\"sya_sep\"> <\/span><\/span><a href=\"https:\/\/www.textile-forum-blog.org\/de\/2015\/12\/26th-miniartextil-to-weave-dreams\/\" class=\"sya_postlink post-2257\" rel=\"bookmark\">26. Miniartextil: To Weave Dreams<\/a><\/div><\/li><li class=\"\"><div class=\"sya_postcontent\"><span class=\"sya_date\"> <span class=\"sya_sep\"> <\/span><\/span><a href=\"https:\/\/www.textile-forum-blog.org\/de\/2015\/12\/art_textiles-an-exploration-of-textiles-as-a-medium-for-social-political-and-artistic-expression\/\" class=\"sya_postlink post-2232\" rel=\"bookmark\">Art_Textiles: Eine Auseinandersetzung mit Textil als Medium f\u00fcr sozialer, politischer und k\u00fcnstlerischer Ausdruck<\/a><\/div><\/li><li class=\"\"><div class=\"sya_postcontent\"><span class=\"sya_date\"> <span class=\"sya_sep\"> <\/span><\/span><a href=\"https:\/\/www.textile-forum-blog.org\/de\/2015\/11\/the-textile-room\/\" class=\"sya_postlink post-2197\" rel=\"bookmark\">Der textile Raum<\/a><\/div><\/li><li class=\"\"><div class=\"sya_postcontent\"><span class=\"sya_date\"> <span class=\"sya_sep\"> <\/span><\/span><a href=\"https:\/\/www.textile-forum-blog.org\/de\/2015\/10\/tapisseries-nomades-fondation-toms-pauli-collection-20th-century\/\" class=\"sya_postlink post-2183\" rel=\"bookmark\">Tapisseries Nomades &#8211; Fondation Toms\u00a0Pauli &#8211; Sammlung des 20 Jahrhunderts<\/a><\/div><\/li><li class=\"\"><div class=\"sya_postcontent\"><span class=\"sya_date\"> <span class=\"sya_sep\"> <\/span><\/span><a href=\"https:\/\/www.textile-forum-blog.org\/de\/2015\/09\/frida-hansen-art-nouveau-in-full-bloom\/\" class=\"sya_postlink post-2162\" rel=\"bookmark\">Frida Hansen &#8211; Art Nouveau in full bloom<\/a><\/div><\/li><li class=\"\"><div class=\"sya_postcontent\"><span class=\"sya_date\"> <span class=\"sya_sep\"> <\/span><\/span><a href=\"https:\/\/www.textile-forum-blog.org\/de\/2015\/08\/expressive-tapestries-johanna-schutz-wolff\/\" class=\"sya_postlink post-2095\" rel=\"bookmark\">Expressive Bildteppiche &#8211; Johanna Sch\u00fctz-Wolff<\/a><\/div><\/li><li class=\"\"><div class=\"sya_postcontent\"><span class=\"sya_date\"> <span class=\"sya_sep\"> <\/span><\/span><a href=\"https:\/\/www.textile-forum-blog.org\/de\/2015\/08\/the-european-art-quilt-scene-in-the-context-of-contemporary-textile-art\/\" class=\"sya_postlink post-2035\" rel=\"bookmark\">Die\u00a0europ\u00e4ische Art Quilt-Szene im Rahmen der zeitgen\u00f6ssischen\u00a0Textilkunst<\/a><\/div><\/li><li class=\"\"><div class=\"sya_postcontent\"><span class=\"sya_date\"> <span class=\"sya_sep\"> <\/span><\/span><a href=\"https:\/\/www.textile-forum-blog.org\/de\/2015\/07\/hannah-ryggen-weaving-the-world\/\" class=\"sya_postlink post-2016\" rel=\"bookmark\">Hannah Ryggen. Verden i veven (Die Welt am Webstuhl)<\/a><\/div><\/li><li class=\"\"><div class=\"sya_postcontent\"><span class=\"sya_date\"> <span class=\"sya_sep\"> <\/span><\/span><a href=\"https:\/\/www.textile-forum-blog.org\/de\/2015\/06\/the-itcc-2015-international-textiles-and-costume-congress-and-exhibition-in-istanbul-turkey\/\" class=\"sya_postlink post-1983\" rel=\"bookmark\">ITCC 2015: der Internationale Textil- und Kost\u00fcm-Kongress mit Ausstellung in Istanbul-T\u00fcrkei.<\/a><\/div><\/li><li class=\"\"><div class=\"sya_postcontent\"><span class=\"sya_date\"> <span class=\"sya_sep\"> <\/span><\/span><a href=\"https:\/\/www.textile-forum-blog.org\/de\/2015\/05\/impressions-from-the-17th-etn-conference-in-leiden\/\" class=\"sya_postlink post-1966\" rel=\"bookmark\">Eindr\u00fccke von der 17th ETN Konferenz in Leiden<\/a><\/div><\/li><li class=\"\"><div class=\"sya_postcontent\"><span class=\"sya_date\"> <span class=\"sya_sep\"> <\/span><\/span><a href=\"https:\/\/www.textile-forum-blog.org\/de\/2015\/05\/5th-international-textile-and-fibre-art-triennial-riga-2015\/\" class=\"sya_postlink post-1926\" rel=\"bookmark\">F\u00fcnfte Internationale Textilkunst Triennale 2015 in Riga<\/a><\/div><\/li><li class=\"\"><div class=\"sya_postcontent\"><span class=\"sya_date\"> <span class=\"sya_sep\"> <\/span><\/span><a href=\"https:\/\/www.textile-forum-blog.org\/de\/2015\/05\/the-17th-etn-conference-is-ready-to-take-off\/\" class=\"sya_postlink post-1910\" rel=\"bookmark\">Die 17. ETN Konferenz is startklar!<\/a><\/div><\/li><li class=\"\"><div class=\"sya_postcontent\"><span class=\"sya_date\"> <span class=\"sya_sep\"> <\/span><\/span><a href=\"https:\/\/www.textile-forum-blog.org\/de\/2015\/04\/5th-textile-triennale-of-szombathely\/\" class=\"sya_postlink post-1883\" rel=\"bookmark\">5. Textil-Triennale von Szombathely<\/a><\/div><\/li><li class=\"\"><div class=\"sya_postcontent\"><span class=\"sya_date\"> <span class=\"sya_sep\"> <\/span><\/span><a href=\"https:\/\/www.textile-forum-blog.org\/de\/2015\/03\/the-17th-etn-conference-in-leiden\/\" class=\"sya_postlink post-1839\" rel=\"bookmark\">The 17th ETN Conference in Leiden<\/a><\/div><\/li><li class=\"\"><div class=\"sya_postcontent\"><span class=\"sya_date\"> <span class=\"sya_sep\"> <\/span><\/span><a href=\"https:\/\/www.textile-forum-blog.org\/de\/2015\/02\/rijswijk-textile-biennial-2015-museum-rijswijk-9-may-27-september-2015\/\" class=\"sya_postlink post-1821\" rel=\"bookmark\">Rijswijk Textil Biennale 2015 im Museum Rijswijk 9. Mai &#8211; 27. September 2015<\/a><\/div><\/li><li class=\"\"><div class=\"sya_postcontent\"><span class=\"sya_date\"> <span class=\"sya_sep\"> <\/span><\/span><a href=\"https:\/\/www.textile-forum-blog.org\/de\/2015\/01\/fiber-sulpture-1960-to-present\/\" class=\"sya_postlink post-1786\" rel=\"bookmark\">Fiber Sulpture: 1960 to Present<\/a><\/div><\/li><\/ul><a id=\"year2014\"><\/a>2014<ul><li class=\"\"><div class=\"sya_postcontent\"><span class=\"sya_date\"> <span class=\"sya_sep\"> <\/span><\/span><a href=\"https:\/\/www.textile-forum-blog.org\/de\/2014\/12\/the-17th-international-mini-textile-exhibition\/\" class=\"sya_postlink post-1767\" rel=\"bookmark\">Die 17. Internationale Mini-Textilkunst-Ausstellung in Bratislava<\/a><\/div><\/li><li class=\"\"><div class=\"sya_postcontent\"><span class=\"sya_date\"> <span class=\"sya_sep\"> <\/span><\/span><a href=\"https:\/\/www.textile-forum-blog.org\/de\/2014\/11\/the-17th-etn-conference\/\" class=\"sya_postlink post-1745\" rel=\"bookmark\">die 17. ETN Konferenz<\/a><\/div><\/li><li class=\"\"><div class=\"sya_postcontent\"><span class=\"sya_date\"> <span class=\"sya_sep\"> <\/span><\/span><a href=\"https:\/\/www.textile-forum-blog.org\/de\/2014\/10\/textile-art-as-the-focus-of-renewed-interest\/\" class=\"sya_postlink post-1704\" rel=\"bookmark\">Textilkunst im Blickpunkt erneuten Interesses<\/a><\/div><\/li><li class=\"\"><div class=\"sya_postcontent\"><span class=\"sya_date\"> <span class=\"sya_sep\"> <\/span><\/span><a href=\"https:\/\/www.textile-forum-blog.org\/de\/2014\/09\/10th-rijswijk-paper-biennial-2014\/\" class=\"sya_postlink post-1669\" rel=\"bookmark\">10. Rijswijk Papierbiennale 2014<\/a><\/div><\/li><li class=\"\"><div class=\"sya_postcontent\"><span class=\"sya_date\"> <span class=\"sya_sep\"> <\/span><\/span><a href=\"https:\/\/www.textile-forum-blog.org\/de\/2014\/09\/25th-miniartextil-in-como\/\" class=\"sya_postlink post-1648\" rel=\"bookmark\">25. Miniartextil in Como<\/a><\/div><\/li><li class=\"\"><div class=\"sya_postcontent\"><span class=\"sya_date\"> <span class=\"sya_sep\"> <\/span><\/span><a href=\"https:\/\/www.textile-forum-blog.org\/de\/2014\/08\/fromholzer-a-textile-printing-workshop-in-ruhmannsfelden-bavaria\/\" class=\"sya_postlink post-1611\" rel=\"bookmark\">Die Textil-Druckerei Fromholzer in Ruhmannsfelden, Bayern<\/a><\/div><\/li><li class=\"\"><div class=\"sya_postcontent\"><span class=\"sya_date\"> <span class=\"sya_sep\"> <\/span><\/span><a href=\"https:\/\/www.textile-forum-blog.org\/de\/2014\/07\/the-10th-intl-biennial-of-contemporary-textile-art-scythia-10\/\" class=\"sya_postlink post-1591\" rel=\"bookmark\">Die 10. Intl. Biennale f\u00fcr zeitgen\u00f6ssische Textilkunst &#8220;Skythia 10&#8221;<\/a><\/div><\/li><li class=\"\"><div class=\"sya_postcontent\"><span class=\"sya_date\"> <span class=\"sya_sep\"> <\/span><\/span><a href=\"https:\/\/www.textile-forum-blog.org\/de\/2014\/07\/dutch-textile-art-craft-and-design\/\" class=\"sya_postlink post-1564\" rel=\"bookmark\">Holland: Textile Kunst, Design Und Handwerk<\/a><\/div><\/li><li class=\"\"><div class=\"sya_postcontent\"><span class=\"sya_date\"> <span class=\"sya_sep\"> <\/span><\/span><a href=\"https:\/\/www.textile-forum-blog.org\/de\/2014\/06\/textile-art\/\" class=\"sya_postlink post-1508\" rel=\"bookmark\">Die Textilkunst<\/a><\/div><\/li><li class=\"\"><div class=\"sya_postcontent\"><span class=\"sya_date\"> <span class=\"sya_sep\"> <\/span><\/span><a href=\"https:\/\/www.textile-forum-blog.org\/de\/2014\/06\/8th-international-fiber-art-biennial-from-lausanne-to-beijing\/\" class=\"sya_postlink post-1493\" rel=\"bookmark\">8th International Fiber Art Biennial \u00b4From Lausanne to Beijing`<\/a><\/div><\/li><li class=\"\"><div class=\"sya_postcontent\"><span class=\"sya_date\"> <span class=\"sya_sep\"> <\/span><\/span><a href=\"https:\/\/www.textile-forum-blog.org\/de\/2014\/05\/from-the-textile-forum-library\/\" class=\"sya_postlink post-1486\" rel=\"bookmark\">Aus der Textilforum-Bibliothek<\/a><\/div><\/li><li class=\"\"><div class=\"sya_postcontent\"><span class=\"sya_date\"> <span class=\"sya_sep\"> <\/span><\/span><a href=\"https:\/\/www.textile-forum-blog.org\/de\/2014\/05\/henry-van-de-velde-volume-ii-textiles\/\" class=\"sya_postlink post-1464\" rel=\"bookmark\">Henry  van de Velde, Band II, Textilien<\/a><\/div><\/li><li class=\"\"><div class=\"sya_postcontent\"><span class=\"sya_date\"> <span class=\"sya_sep\"> <\/span><\/span><a href=\"https:\/\/www.textile-forum-blog.org\/de\/2014\/05\/the-exhibition-art-textiles-in-stuttgart\/\" class=\"sya_postlink post-1449\" rel=\"bookmark\">Die Ausstellung &#8220;Kunst &#038; Textil&#8221; in Stuttgart<\/a><\/div><\/li><li class=\"\"><div class=\"sya_postcontent\"><span class=\"sya_date\"> <span class=\"sya_sep\"> <\/span><\/span><a href=\"https:\/\/www.textile-forum-blog.org\/de\/2014\/05\/frida-kahlo-exhibitions-in-italy\/\" class=\"sya_postlink post-1421\" rel=\"bookmark\">Frida Kahlo Ausstellungen in Italien<\/a><\/div><\/li><li class=\"\"><div class=\"sya_postcontent\"><span class=\"sya_date\"> <span class=\"sya_sep\"> <\/span><\/span><a href=\"https:\/\/www.textile-forum-blog.org\/de\/2014\/05\/when-was-the-starting-point-of-textiles-in-fine-art-2\/\" class=\"sya_postlink post-1401\" rel=\"bookmark\">Seit wann tauchen Textilien in der Kunst auf ?<\/a><\/div><\/li><li class=\"\"><div class=\"sya_postcontent\"><span class=\"sya_date\"> <span class=\"sya_sep\"> <\/span><\/span><a href=\"https:\/\/www.textile-forum-blog.org\/de\/2014\/05\/6th-european-quilt-triennial\/\" class=\"sya_postlink post-1369\" rel=\"bookmark\">Die 6.Europ\u00e4ische Quilt-Triennale<\/a><\/div><\/li><li class=\"\"><div class=\"sya_postcontent\"><span class=\"sya_date\"> <span class=\"sya_sep\"> <\/span><\/span><a href=\"https:\/\/www.textile-forum-blog.org\/de\/2014\/04\/bibliographica-textilia-historiae\/\" class=\"sya_postlink post-1348\" rel=\"bookmark\">Bibliographica Textilia Historiae<\/a><\/div><\/li><li class=\"\"><div class=\"sya_postcontent\"><span class=\"sya_date\"> <span class=\"sya_sep\"> <\/span><\/span><a href=\"https:\/\/www.textile-forum-blog.org\/de\/2014\/04\/4th-rijswijk-textile-biennial-2015\/\" class=\"sya_postlink post-1330\" rel=\"bookmark\">Die 4. Internationale Textilbiennale  2015 in Rijswijk\/NL<\/a><\/div><\/li><li class=\"\"><div class=\"sya_postcontent\"><span class=\"sya_date\"> <span class=\"sya_sep\"> <\/span><\/span><a href=\"https:\/\/www.textile-forum-blog.org\/de\/2014\/04\/the-5th-riga-international-textile-fibre-art-triennial\/\" class=\"sya_postlink post-1302\" rel=\"bookmark\">Die 5. Internationale Textilkunstbiennale in Riga<\/a><\/div><\/li><li class=\"\"><div class=\"sya_postcontent\"><span class=\"sya_date\"> <span class=\"sya_sep\"> <\/span><\/span><a href=\"https:\/\/www.textile-forum-blog.org\/de\/2014\/04\/the-medici-a-princely-world-made-of-paper\/\" class=\"sya_postlink post-1275\" rel=\"bookmark\">Isabelle de Borchgrave &#8211; Die Medici, eine f\u00fcrstliche Welt aus Papier<\/a><\/div><\/li><li class=\"\"><div class=\"sya_postcontent\"><span class=\"sya_date\"> <span class=\"sya_sep\"> <\/span><\/span><a href=\"https:\/\/www.textile-forum-blog.org\/de\/2014\/04\/renaissance-velvets\/\" class=\"sya_postlink post-1245\" rel=\"bookmark\">Renaissance Velvets<\/a><\/div><\/li><li class=\"\"><div class=\"sya_postcontent\"><span class=\"sya_date\"> <span class=\"sya_sep\"> <\/span><\/span><a href=\"https:\/\/www.textile-forum-blog.org\/de\/2014\/04\/treads-exhibition-at-the-arnhem-museum\/\" class=\"sya_postlink post-1194\" rel=\"bookmark\">Threads . Textil in Kunst und Gestaltungen<\/a><\/div><\/li><li class=\"\"><div class=\"sya_postcontent\"><span class=\"sya_date\"> <span class=\"sya_sep\"> <\/span><\/span><a href=\"https:\/\/www.textile-forum-blog.org\/de\/2014\/04\/the-field-of-textiles-and-art\/\" class=\"sya_postlink post-1202\" rel=\"bookmark\">Das Gestaltungsfeld Textil und die &#8220;Kunst&#8221;<\/a><\/div><\/li><li class=\"\"><div class=\"sya_postcontent\"><span class=\"sya_date\"> <span class=\"sya_sep\"> <\/span><\/span><a href=\"https:\/\/www.textile-forum-blog.org\/de\/2014\/03\/cherry-blossom-and-edelweiss-150-years-of-relations-between-japan-and-switzerland\/\" class=\"sya_postlink post-1155\" rel=\"bookmark\">Kirschbl\u00fcte uns Edelweiss &#8211; 150 Jahre Beziehungen zwischen Japan und der Schweiz<\/a><\/div><\/li><li class=\"\"><div class=\"sya_postcontent\"><span class=\"sya_date\"> <span class=\"sya_sep\"> <\/span><\/span><a href=\"https:\/\/www.textile-forum-blog.org\/de\/2014\/03\/reiko-sudo-at-the-musee-guimet-in-paris\/\" class=\"sya_postlink post-1149\" rel=\"bookmark\">Reiko Sudo im Mus\u00e9e Guimet in Paris<\/a><\/div><\/li><li class=\"\"><div class=\"sya_postcontent\"><span class=\"sya_date\"> <span class=\"sya_sep\"> <\/span><\/span><a href=\"https:\/\/www.textile-forum-blog.org\/de\/2014\/03\/the-royal-austrian-museum-of-art-and-industry-mak-in-vienna-reopens-its-permanent-carpet-collection-on-8-april-2014\/\" class=\"sya_postlink post-1119\" rel=\"bookmark\">Das \u00d6sterreichische Museum f\u00fcr Angewandte Kunst und Industrie (MAK) in Wien er\u00f6ffnet seine Teppich-Schausammlung am 8.April 2014 neu<\/a><\/div><\/li><li class=\"\"><div class=\"sya_postcontent\"><span class=\"sya_date\"> <span class=\"sya_sep\"> <\/span><\/span><a href=\"https:\/\/www.textile-forum-blog.org\/de\/2014\/03\/a-textile-network-and-its-members-in-the-ukraine\/\" class=\"sya_postlink post-1094\" rel=\"bookmark\">Ein Textilnetzwerk und seine Mitglieder in der Ukraine<\/a><\/div><\/li><li class=\"\"><div class=\"sya_postcontent\"><span class=\"sya_date\"> <span class=\"sya_sep\"> <\/span><\/span><a href=\"https:\/\/www.textile-forum-blog.org\/de\/2014\/03\/scythia-10-an-opportunity-to-visit-the-southern-ukraine\/\" class=\"sya_postlink post-1079\" rel=\"bookmark\">&#8220;Scythia 10&#8221; &#8211; Gelegenheit zum Besuch der S\u00fcd-Ukraine<\/a><\/div><\/li><li class=\"\"><div class=\"sya_postcontent\"><span class=\"sya_date\"> <span class=\"sya_sep\"> <\/span><\/span><a href=\"https:\/\/www.textile-forum-blog.org\/de\/2014\/03\/16th-international-minitextile-exhibition\/\" class=\"sya_postlink post-1046\" rel=\"bookmark\">16.Internationale Minitextil-Ausstellung in der Slowakei<\/a><\/div><\/li><li class=\"\"><div class=\"sya_postcontent\"><span class=\"sya_date\"> <span class=\"sya_sep\"> <\/span><\/span><a href=\"https:\/\/www.textile-forum-blog.org\/de\/2014\/02\/9th-international-shibori-symposium\/\" class=\"sya_postlink post-1022\" rel=\"bookmark\">9. Internationales Shibori Symposium<\/a><\/div><\/li><li class=\"\"><div class=\"sya_postcontent\"><span class=\"sya_date\"> <span class=\"sya_sep\"> <\/span><\/span><a href=\"https:\/\/www.textile-forum-blog.org\/de\/2014\/02\/a-thousand-threads-a-story-told-in-textiles\/\" class=\"sya_postlink post-992\" rel=\"bookmark\">Tausend F\u00e4den \u2013 Eine Geschichte textil erz\u00e4hlt<\/a><\/div><\/li><li class=\"\"><div class=\"sya_postcontent\"><span class=\"sya_date\"> <span class=\"sya_sep\"> <\/span><\/span><a href=\"https:\/\/www.textile-forum-blog.org\/de\/2014\/02\/chainstitch-and-other-embroideries\/\" class=\"sya_postlink post-950\" rel=\"bookmark\">Kettenstich und andere Stickereien<\/a><\/div><\/li><li class=\"\"><div class=\"sya_postcontent\"><span class=\"sya_date\"> <span class=\"sya_sep\"> <\/span><\/span><a href=\"https:\/\/www.textile-forum-blog.org\/de\/2014\/02\/the-database-project-silk-memoryin-st-gallen\/\" class=\"sya_postlink post-941\" rel=\"bookmark\">Das Datenbankprojekt `Silk Memory`in  St. Gallen<\/a><\/div><\/li><li class=\"\"><div class=\"sya_postcontent\"><span class=\"sya_date\"> <span class=\"sya_sep\"> <\/span><\/span><a href=\"https:\/\/www.textile-forum-blog.org\/de\/2014\/02\/artist-textiles-picasso-to-warhol\/\" class=\"sya_postlink post-892\" rel=\"bookmark\">Artist textiles &#8211; Picasso to Warhol<\/a><\/div><\/li><li class=\"\"><div class=\"sya_postcontent\"><span class=\"sya_date\"> <span class=\"sya_sep\"> <\/span><\/span><a href=\"https:\/\/www.textile-forum-blog.org\/de\/2014\/02\/artiststextiles-1940-1976\/\" class=\"sya_postlink post-888\" rel=\"bookmark\">Artists`Textiles 1940 &#8211; 1976<\/a><\/div><\/li><li class=\"\"><div class=\"sya_postcontent\"><span class=\"sya_date\"> <span class=\"sya_sep\"> <\/span><\/span><a href=\"https:\/\/www.textile-forum-blog.org\/de\/2014\/02\/pae-white-orllegro\/\" class=\"sya_postlink post-864\" rel=\"bookmark\">Pae White &#8211; Orllegro<\/a><\/div><\/li><li class=\"\"><div class=\"sya_postcontent\"><span class=\"sya_date\"> <span class=\"sya_sep\"> <\/span><\/span><a href=\"https:\/\/www.textile-forum-blog.org\/de\/2014\/01\/visual-arts\/\" class=\"sya_postlink post-848\" rel=\"bookmark\">Bildende Kunst<\/a><\/div><\/li><li class=\"\"><div class=\"sya_postcontent\"><span class=\"sya_date\"> <span class=\"sya_sep\"> <\/span><\/span><a href=\"https:\/\/www.textile-forum-blog.org\/de\/2014\/01\/a-new-web-based-costume-workbook\/\" class=\"sya_postlink post-841\" rel=\"bookmark\">Ein neues Internet-Arbeitsbuch f\u00fcr Kost\u00fcme<\/a><\/div><\/li><li class=\"\"><div class=\"sya_postcontent\"><span class=\"sya_date\"> <span class=\"sya_sep\"> <\/span><\/span><a href=\"https:\/\/www.textile-forum-blog.org\/de\/2014\/01\/a-jacquardloom-60-years-before-jacquards-invention\/\" class=\"sya_postlink post-830\" rel=\"bookmark\">Ein \u00b4Jacquard`-Webstuhl 60 Jahren vor Jacquards \u00b4Erfindung`<\/a><\/div><\/li><li class=\"\"><div class=\"sya_postcontent\"><span class=\"sya_date\"> <span class=\"sya_sep\"> <\/span><\/span><a href=\"https:\/\/www.textile-forum-blog.org\/de\/2014\/01\/the-va-clothworkers-centre-has-opened\/\" class=\"sya_postlink post-815\" rel=\"bookmark\">Das V&#038;A Clothworkers Centre wurde k\u00fcrzlich er\u00f6ffnet<\/a><\/div><\/li><li class=\"\"><div class=\"sya_postcontent\"><span class=\"sya_date\"> <span class=\"sya_sep\"> <\/span><\/span><a href=\"https:\/\/www.textile-forum-blog.org\/de\/2014\/01\/plant-fibre-processing-77000-years-ago\/\" class=\"sya_postlink post-790\" rel=\"bookmark\">Pflanzenfaserbearbeitung vor 77.000 Jahren<\/a><\/div><\/li><li class=\"\"><div class=\"sya_postcontent\"><span class=\"sya_date\"> <span class=\"sya_sep\"> <\/span><\/span><a href=\"https:\/\/www.textile-forum-blog.org\/de\/2014\/01\/remarks-to-textile-and-fine-art\/\" class=\"sya_postlink post-770\" rel=\"bookmark\">Bemerkungen zu Textil und Kunst<\/a><\/div><\/li><li class=\"\"><div class=\"sya_postcontent\"><span class=\"sya_date\"> <span class=\"sya_sep\"> <\/span><\/span><a href=\"https:\/\/www.textile-forum-blog.org\/de\/2014\/01\/feathered-wallhangings-from-ancient-peru\/\" class=\"sya_postlink post-763\" rel=\"bookmark\">Gefederte W\u00e4nde: Wandbeh\u00e4nge aus Alt-Peru<\/a><\/div><\/li><li class=\"\"><div class=\"sya_postcontent\"><span class=\"sya_date\"> <span class=\"sya_sep\"> <\/span><\/span><a href=\"https:\/\/www.textile-forum-blog.org\/de\/2014\/01\/canopies-for-the-goddess\/\" class=\"sya_postlink post-753\" rel=\"bookmark\">Himmelszelten f\u00fcr die G\u00f6ttin<\/a><\/div><\/li><li class=\"\"><div class=\"sya_postcontent\"><span class=\"sya_date\"> <span class=\"sya_sep\"> <\/span><\/span><a href=\"https:\/\/www.textile-forum-blog.org\/de\/2014\/01\/peruvian-featherworks\/\" class=\"sya_postlink post-716\" rel=\"bookmark\">Peruvian Featherworks<\/a><\/div><\/li><li class=\"\"><div class=\"sya_postcontent\"><span class=\"sya_date\"> <span class=\"sya_sep\"> <\/span><\/span><a href=\"https:\/\/www.textile-forum-blog.org\/de\/2014\/01\/the-24th-miniartextil-exhibition-in-como\/\" class=\"sya_postlink post-644\" rel=\"bookmark\">Die 24. MINIATEXTIL-Austellung in Como<\/a><\/div><\/li><li class=\"\"><div class=\"sya_postcontent\"><span class=\"sya_date\"> <span class=\"sya_sep\"> <\/span><\/span><a href=\"https:\/\/www.textile-forum-blog.org\/de\/2014\/01\/moroccan-carpets-and-modern-art\/\" class=\"sya_postlink post-635\" rel=\"bookmark\">INKA \u2013 K\u00f6nige der Anden<\/a><\/div><\/li><li class=\"\"><div class=\"sya_postcontent\"><span class=\"sya_date\"> <span class=\"sya_sep\"> <\/span><\/span><a href=\"https:\/\/www.textile-forum-blog.org\/de\/2014\/01\/en-maroccan-carpets-and-modern-art\/\" class=\"sya_postlink post-623\" rel=\"bookmark\">Marokkanische Teppiche und die Kunst der Moderne<\/a><\/div><\/li><li class=\"\"><div class=\"sya_postcontent\"><span class=\"sya_date\"> <span class=\"sya_sep\"> <\/span><\/span><a href=\"https:\/\/www.textile-forum-blog.org\/de\/2014\/01\/soft-pictures\/\" class=\"sya_postlink post-606\" rel=\"bookmark\">Soft Pictures<\/a><\/div><\/li><li class=\"\"><div class=\"sya_postcontent\"><span class=\"sya_date\"> <span class=\"sya_sep\"> <\/span><\/span><a href=\"https:\/\/www.textile-forum-blog.org\/de\/2014\/01\/ausstellung-marokkanische-teppiche-und-die-kunst-der-moderne\/\" class=\"sya_postlink post-588\" rel=\"bookmark\">Marokkanische Teppiche und die Kunst der Moderne<\/a><\/div><\/li><li class=\"\"><div class=\"sya_postcontent\"><span class=\"sya_date\"> <span class=\"sya_sep\"> <\/span><\/span><a href=\"https:\/\/www.textile-forum-blog.org\/de\/2014\/01\/to-open-eyes-art-and-textiles-from-the-bauhaus-till-today\/\" class=\"sya_postlink post-551\" rel=\"bookmark\">To Open Eyes -Kunst und Textil vom Bauhaus bis heute<\/a><\/div><\/li><li class=\"\"><div class=\"sya_postcontent\"><span class=\"sya_date\"> <span class=\"sya_sep\"> <\/span><\/span><a href=\"https:\/\/www.textile-forum-blog.org\/de\/2014\/01\/art-and-textiles-from-bauhaus-till-today-to-open-eyes\/\" class=\"sya_postlink post-538\" rel=\"bookmark\">Kunst und Textil vom Bauhaus bis heute: To Open Eyes<\/a><\/div><\/li><\/ul><a id=\"year2013\"><\/a>2013<ul><li class=\"\"><div class=\"sya_postcontent\"><span class=\"sya_date\"> <span class=\"sya_sep\"> <\/span><\/span><a href=\"https:\/\/www.textile-forum-blog.org\/de\/2013\/12\/made-in-oceania\/\" class=\"sya_postlink post-368\" rel=\"bookmark\">Made in Oceania<\/a><\/div><\/li><li class=\"\"><div class=\"sya_postcontent\"><span class=\"sya_date\"> <span class=\"sya_sep\"> <\/span><\/span><a href=\"https:\/\/www.textile-forum-blog.org\/de\/2013\/12\/the-exhibition-made-in-oceania\/\" class=\"sya_postlink post-371\" rel=\"bookmark\">Die Ausstellung \u00b4Made in Oceania`<\/a><\/div><\/li><li class=\"\"><div class=\"sya_postcontent\"><span class=\"sya_date\"> <span class=\"sya_sep\"> <\/span><\/span><a href=\"https:\/\/www.textile-forum-blog.org\/de\/2013\/12\/inca-kings-of-the-andes\/\" class=\"sya_postlink post-363\" rel=\"bookmark\">Inka &#8211; K\u00f6nige der Anden<\/a><\/div><\/li><li class=\"\"><div class=\"sya_postcontent\"><span class=\"sya_date\"> <span class=\"sya_sep\"> <\/span><\/span><a href=\"https:\/\/www.textile-forum-blog.org\/de\/2013\/12\/deutsch-europeana-und-sein-neues-fashion-portal\/\" class=\"sya_postlink post-307\" rel=\"bookmark\">Europeana und sein neues Fashion Portal<\/a><\/div><\/li><li class=\"\"><div class=\"sya_postcontent\"><span class=\"sya_date\"> <span class=\"sya_sep\"> <\/span><\/span><a href=\"https:\/\/www.textile-forum-blog.org\/de\/2013\/12\/art-textile\/\" class=\"sya_postlink post-281\" rel=\"bookmark\">Kunst &#038; Textil<\/a><\/div><\/li><li class=\"\"><div class=\"sya_postcontent\"><span class=\"sya_date\"> <span class=\"sya_sep\"> <\/span><\/span><a href=\"https:\/\/www.textile-forum-blog.org\/de\/2013\/12\/decorum\/\" class=\"sya_postlink post-277\" rel=\"bookmark\">Decorum<\/a><\/div><\/li><li class=\"\"><div class=\"sya_postcontent\"><span class=\"sya_date\"> <span class=\"sya_sep\"> <\/span><\/span><a href=\"https:\/\/www.textile-forum-blog.org\/de\/2013\/12\/art-textiles\/\" class=\"sya_postlink post-275\" rel=\"bookmark\">Kunst &#038; Textil<\/a><\/div><\/li><li class=\"\"><div class=\"sya_postcontent\"><span class=\"sya_date\"> <span class=\"sya_sep\"> <\/span><\/span><a href=\"https:\/\/www.textile-forum-blog.org\/de\/2013\/12\/decorum-artist-carpets-and-tapestries\/\" class=\"sya_postlink post-271\" rel=\"bookmark\">Decorum &#8211; K\u00fcnstlerteppiche und Tapisserien<\/a><\/div><\/li><li class=\"\"><div class=\"sya_postcontent\"><span class=\"sya_date\"> <span class=\"sya_sep\"> <\/span><\/span><a href=\"https:\/\/www.textile-forum-blog.org\/de\/2013\/12\/kunst-stoff-art-art-fabric-type\/\" class=\"sya_postlink post-266\" rel=\"bookmark\">Kunst-Stoff-Art<\/a><\/div><\/li><li class=\"\"><div class=\"sya_postcontent\"><span class=\"sya_date\"> <span class=\"sya_sep\"> <\/span><\/span><a href=\"https:\/\/www.textile-forum-blog.org\/de\/2013\/12\/textiles-open-letter\/\" class=\"sya_postlink post-260\" rel=\"bookmark\">Textiles Open Letter<\/a><\/div><\/li><li class=\"\"><div class=\"sya_postcontent\"><span class=\"sya_date\"> <span class=\"sya_sep\"> <\/span><\/span><a href=\"https:\/\/www.textile-forum-blog.org\/de\/2013\/12\/the-popesses\/\" class=\"sya_postlink post-258\" rel=\"bookmark\">Die P\u00e4pstinnen<\/a><\/div><\/li><li class=\"\"><div class=\"sya_postcontent\"><span class=\"sya_date\"> <span class=\"sya_sep\"> <\/span><\/span><a href=\"https:\/\/www.textile-forum-blog.org\/de\/2013\/12\/out-of-fashion\/\" class=\"sya_postlink post-255\" rel=\"bookmark\">Out of Fashion<\/a><\/div><\/li><li class=\"\"><div class=\"sya_postcontent\"><span class=\"sya_date\"> <span class=\"sya_sep\"> <\/span><\/span><a href=\"https:\/\/www.textile-forum-blog.org\/de\/2013\/12\/bojagi-forum-in-korea\/\" class=\"sya_postlink post-226\" rel=\"bookmark\">Bojagi Forum in Korea<\/a><\/div><\/li><li class=\"\"><div class=\"sya_postcontent\"><span class=\"sya_date\"> <span class=\"sya_sep\"> <\/span><\/span><a href=\"https:\/\/www.textile-forum-blog.org\/de\/2013\/12\/deutsch-ausstellungen-mit-textil-im-dunstkreis-der-kunstszene\/\" class=\"sya_postlink post-161\" rel=\"bookmark\">Kunstausstellungen mit Textil im Dunstkreis der Kunstszene<\/a><\/div><\/li><li class=\"\"><div class=\"sya_postcontent\"><span class=\"sya_date\"> <span class=\"sya_sep\"> <\/span><\/span><a href=\"https:\/\/www.textile-forum-blog.org\/de\/2013\/12\/call-for-art\/\" class=\"sya_postlink post-79\" rel=\"bookmark\">Ausschreibung Kunstausstellung in Los Angeles<\/a><\/div><\/li><li class=\"\"><div class=\"sya_postcontent\"><span class=\"sya_date\"> <span class=\"sya_sep\"> <\/span><\/span><a href=\"https:\/\/www.textile-forum-blog.org\/de\/2013\/12\/contextile-2014-call\/\" class=\"sya_postlink post-54\" rel=\"bookmark\">Contextile 2014 Ausschreibung<\/a><\/div><\/li><li class=\"\"><div class=\"sya_postcontent\"><span class=\"sya_date\"> <span class=\"sya_sep\"> <\/span><\/span><a href=\"https:\/\/www.textile-forum-blog.org\/de\/2013\/11\/exhibition-to-open-eyes-art-and-textiles-in-bielefeld-germany\/\" class=\"sya_postlink post-9\" rel=\"bookmark\">Ausstellung To Open Eyes . Kunst und Textil.. in Bielefeld<\/a><\/div><\/li><\/ul><\/div>\n","protected":false},"excerpt":{"rendered":"","protected":false},"author":7,"featured_media":0,"parent":0,"menu_order":0,"comment_status":"closed","ping_status":"closed","template":"","meta":{"footnotes":""},"class_list":["post-3334","page","type-page","status-publish","hentry"],"_links":{"self":[{"href":"https:\/\/www.textile-forum-blog.org\/de\/wp-json\/wp\/v2\/pages\/3334","targetHints":{"allow":["GET"]}}],"collection":[{"href":"https:\/\/www.textile-forum-blog.org\/de\/wp-json\/wp\/v2\/pages"}],"about":[{"href":"https:\/\/www.textile-forum-blog.org\/de\/wp-json\/wp\/v2\/types\/page"}],"author":[{"embeddable":true,"href":"https:\/\/www.textile-forum-blog.org\/de\/wp-json\/wp\/v2\/users\/7"}],"replies":[{"embeddable":true,"href":"https:\/\/www.textile-forum-blog.org\/de\/wp-json\/wp\/v2\/comments?post=3334"}],"version-history":[{"count":0,"href":"https:\/\/www.textile-forum-blog.org\/de\/wp-json\/wp\/v2\/pages\/3334\/revisions"}],"wp:attachment":[{"href":"https:\/\/www.textile-forum-blog.org\/de\/wp-json\/wp\/v2\/media?parent=3334"}],"curies":[{"name":"wp","href":"https:\/\/api.w.org\/{rel}","templated":true}]}}